{"id":22322,"date":"2020-04-02T14:27:30","date_gmt":"2020-04-02T14:27:30","guid":{"rendered":"https:\/\/eltossalcartografies.com\/?page_id=22322"},"modified":"2026-01-13T18:50:47","modified_gmt":"2026-01-13T17:50:47","slug":"inicio","status":"publish","type":"page","link":"https:\/\/eltossalcartografies.com\/es\/","title":{"rendered":"Inicio"},"content":{"rendered":"<p><div class=\"fusion-fullwidth fullwidth-box fusion-builder-row-1 fusion-flex-container has-pattern-background has-mask-background nonhundred-percent-fullwidth non-hundred-percent-height-scrolling\" style=\"--awb-border-radius-top-left:0px;--awb-border-radius-top-right:0px;--awb-border-radius-bottom-right:0px;--awb-border-radius-bottom-left:0px;--awb-padding-top:10px;--awb-padding-right:10px;--awb-padding-bottom:10px;--awb-padding-left:10px;--awb-margin-top:10px;--awb-margin-bottom:10px;--awb-flex-wrap:wrap;\" ><div class=\"fusion-builder-row fusion-row fusion-flex-align-items-center fusion-flex-content-wrap\" style=\"max-width:calc( 1170px + 10px );margin-left: calc(-10px \/ 2 );margin-right: calc(-10px \/ 2 );\"><div class=\"fusion-layout-column fusion_builder_column fusion-builder-column-0 fusion_builder_column_1_1 1_1 fusion-flex-column fusion-flex-align-self-center\" style=\"--awb-padding-top:10px;--awb-padding-right:10px;--awb-padding-bottom:10px;--awb-padding-left:10px;--awb-bg-size:cover;--awb-width-large:100%;--awb-margin-top-large:10px;--awb-spacing-right-large:10px;--awb-margin-bottom-large:10px;--awb-spacing-left-large:10px;--awb-width-medium:100%;--awb-order-medium:0;--awb-spacing-right-medium:5px;--awb-spacing-left-medium:5px;--awb-width-small:100%;--awb-order-small:0;--awb-spacing-right-small:5px;--awb-spacing-left-small:5px;\" data-scroll-devices=\"small-visibility,medium-visibility,large-visibility\"><div class=\"fusion-column-wrapper fusion-column-has-shadow fusion-flex-justify-content-center fusion-content-layout-column\"><div class=\"fusion-text fusion-text-1\"><h1><strong>Venta de mapas excursionistas<\/strong><\/h1>\n<p><strong>El Tossal Cartografies<\/strong> ofrece la <em>venta de mapas excursionistas<\/em> y patrimoniales para descubrir el valor cultural y natural de nuestro territorio. Con dedicaci\u00f3n desde 2006, nuestros mapas combinan investigaci\u00f3n y trabajo de campo para guiarte por pueblos, paisajes y patrimonio local con respeto y autenticidad.<\/p>\n<\/div><\/div><\/div><\/div><\/div><div class=\"fusion-fullwidth fullwidth-box fusion-builder-row-2 nonhundred-percent-fullwidth non-hundred-percent-height-scrolling fusion-equal-height-columns mapes-inici\" style=\"--awb-border-radius-top-left:0px;--awb-border-radius-top-right:0px;--awb-border-radius-bottom-right:0px;--awb-border-radius-bottom-left:0px;--awb-padding-top:0px;--awb-padding-right:0px;--awb-padding-bottom:0px;--awb-padding-left:0px;--awb-margin-top:0px;--awb-margin-bottom:0px;--awb-background-color:rgba(255,255,255,0);--awb-flex-wrap:wrap;\" ><div class=\"fusion-builder-row fusion-row\"><div class=\"fusion-layout-column fusion_builder_column fusion-builder-column-1 fusion_builder_column_1_4 1_4 fusion-one-fourth fusion-column-first fusion-column-inner-bg-wrapper\" style=\"--awb-padding-top:2%;--awb-padding-right:6%;--awb-padding-left:6%;--awb-inner-bg-color:#ffffff;--awb-inner-bg-color-hover:#ffffff;--awb-inner-bg-size:cover;width:25%;width:calc(25% - ( ( 1% + 1% + 1% ) * 0.25 ) );margin-right: 1%;\"><span class=\"fusion-column-inner-bg hover-type-none\"><a class=\"fusion-column-anchor\" href=\"https:\/\/eltossalcartografies.com\/es\/producto\/doble-mapa-i-guia-excursionista-serra-calderona\/\"><span class=\"fusion-column-inner-bg-image\"><\/span><\/a><\/span><div class=\"fusion-column-wrapper fusion-column-has-shadow fusion-flex-column-wrapper-legacy\"><div class=\"fusion-builder-row fusion-builder-row-inner fusion-row\"><div class=\"fusion-layout-column fusion_builder_column_inner fusion-builder-nested-column-0 fusion_builder_column_inner_1_2 1_2 fusion-one-half fusion-column-first\" style=\"--awb-bg-size:cover;width:50%;width:calc(50% - ( ( 4% ) * 0.5 ) );margin-right: 4%;\"><div class=\"fusion-column-wrapper fusion-column-has-shadow fusion-flex-column-wrapper-legacy\"><div class=\"fusion-image-element in-legacy-container\" style=\"--awb-caption-title-font-family:var(--h2_typography-font-family);--awb-caption-title-font-weight:var(--h2_typography-font-weight);--awb-caption-title-font-style:var(--h2_typography-font-style);--awb-caption-title-size:var(--h2_typography-font-size);--awb-caption-title-transform:var(--h2_typography-text-transform);--awb-caption-title-line-height:var(--h2_typography-line-height);--awb-caption-title-letter-spacing:var(--h2_typography-letter-spacing);\"><span class=\" fusion-imageframe imageframe-none imageframe-1 hover-type-none\"><img decoding=\"async\" width=\"167\" height=\"300\" alt=\" oferta de mapes excursionistes\" title=\"Portada_Serra_Calderona_\" src=\"https:\/\/eltossalcartografies.com\/wp-content\/uploads\/2024\/03\/Portada_Serra_Calderona_-167x300.jpg\" class=\"img-responsive wp-image-25994\" srcset=\"https:\/\/eltossalcartografies.com\/wp-content\/uploads\/2024\/03\/Portada_Serra_Calderona_-200x359.jpg 200w, https:\/\/eltossalcartografies.com\/wp-content\/uploads\/2024\/03\/Portada_Serra_Calderona_-400x718.jpg 400w, https:\/\/eltossalcartografies.com\/wp-content\/uploads\/2024\/03\/Portada_Serra_Calderona_-600x1077.jpg 600w, https:\/\/eltossalcartografies.com\/wp-content\/uploads\/2024\/03\/Portada_Serra_Calderona_.jpg 703w\" sizes=\"(max-width: 800px) 100vw, 600px\" \/><\/span><\/div><div class=\"fusion-clearfix\"><\/div><\/div><\/div><div class=\"fusion-layout-column fusion_builder_column_inner fusion-builder-nested-column-1 fusion_builder_column_inner_1_2 1_2 fusion-one-half fusion-column-last\" style=\"--awb-bg-size:cover;width:50%;width:calc(50% - ( ( 4% ) * 0.5 ) );\"><div class=\"fusion-column-wrapper fusion-column-has-shadow fusion-flex-column-wrapper-legacy\"><div class=\"fusion-text fusion-text-2\"><h4>Mapa i guia excursionista<\/h4>\n<h3>Serra Calderona<\/h3>\n<div class=\"fecha_publicacion\">Data de reedici\u00f3: 2023-12-01<\/div>\n<div class=\"escala\">Escala: 1:30.000<\/div>\n<div class=\"precio\">15,00\u20ac<\/div>\n<\/div><div class=\"fusion-clearfix\"><\/div><\/div><\/div><\/div><div class=\"fusion-clearfix\"><\/div><\/div><\/div>\n<div class=\"fusion-layout-column fusion_builder_column fusion-builder-column-2 fusion_builder_column_1_4 1_4 fusion-one-fourth fusion-column-inner-bg-wrapper\" style=\"--awb-padding-top:2%;--awb-padding-right:6%;--awb-padding-left:6%;--awb-inner-bg-color:#ffffff;--awb-inner-bg-color-hover:#ffffff;--awb-inner-bg-size:cover;width:25%;width:calc(25% - ( ( 1% + 1% + 1% ) * 0.25 ) );margin-right: 1%;\"><span class=\"fusion-column-inner-bg hover-type-none\"><a class=\"fusion-column-anchor\" href=\"https:\/\/eltossalcartografies.com\/es\/producte\/mapa-y-guia-excursionista-de-mosqueruela\/\"><span class=\"fusion-column-inner-bg-image\"><\/span><\/a><\/span><div class=\"fusion-column-wrapper fusion-column-has-shadow fusion-flex-column-wrapper-legacy\"><div class=\"fusion-builder-row fusion-builder-row-inner fusion-row\"><div class=\"fusion-layout-column fusion_builder_column_inner fusion-builder-nested-column-2 fusion_builder_column_inner_1_2 1_2 fusion-one-half fusion-column-first\" style=\"--awb-bg-size:cover;width:50%;width:calc(50% - ( ( 4% ) * 0.5 ) );margin-right: 4%;\"><div class=\"fusion-column-wrapper fusion-column-has-shadow fusion-flex-column-wrapper-legacy\"><div class=\"fusion-image-element in-legacy-container\" style=\"--awb-caption-title-font-family:var(--h2_typography-font-family);--awb-caption-title-font-weight:var(--h2_typography-font-weight);--awb-caption-title-font-style:var(--h2_typography-font-style);--awb-caption-title-size:var(--h2_typography-font-size);--awb-caption-title-transform:var(--h2_typography-text-transform);--awb-caption-title-line-height:var(--h2_typography-line-height);--awb-caption-title-letter-spacing:var(--h2_typography-letter-spacing);\"><span class=\" fusion-imageframe imageframe-none imageframe-2 hover-type-none\"><img decoding=\"async\" width=\"165\" height=\"300\" title=\"Mosqueruela_Portada\" src=\"https:\/\/eltossalcartografies.com\/wp-content\/uploads\/2023\/04\/Mosqueruela_Portada-165x300.jpg\" alt class=\"img-responsive wp-image-25611\" srcset=\"https:\/\/eltossalcartografies.com\/wp-content\/uploads\/2023\/04\/Mosqueruela_Portada-200x363.jpg 200w, https:\/\/eltossalcartografies.com\/wp-content\/uploads\/2023\/04\/Mosqueruela_Portada-400x725.jpg 400w, https:\/\/eltossalcartografies.com\/wp-content\/uploads\/2023\/04\/Mosqueruela_Portada-600x1088.jpg 600w, https:\/\/eltossalcartografies.com\/wp-content\/uploads\/2023\/04\/Mosqueruela_Portada-800x1450.jpg 800w, https:\/\/eltossalcartografies.com\/wp-content\/uploads\/2023\/04\/Mosqueruela_Portada-1200x2176.jpg 1200w, https:\/\/eltossalcartografies.com\/wp-content\/uploads\/2023\/04\/Mosqueruela_Portada-scaled.jpg 1412w\" sizes=\"(max-width: 800px) 100vw, 600px\" \/><\/span><\/div><div class=\"fusion-clearfix\"><\/div><\/div><\/div><div class=\"fusion-layout-column fusion_builder_column_inner fusion-builder-nested-column-3 fusion_builder_column_inner_1_2 1_2 fusion-one-half fusion-column-last\" style=\"--awb-bg-size:cover;width:50%;width:calc(50% - ( ( 4% ) * 0.5 ) );\"><div class=\"fusion-column-wrapper fusion-column-has-shadow fusion-flex-column-wrapper-legacy\"><div class=\"fusion-text fusion-text-3\"><h4>Mapa y gu\u00eda excursionista<\/h4>\n<h3>Mosqueruela<\/h3>\n<div class=\"fecha_publicacion\">Fecha de publicaci\u00f3n: 2023-04-02<\/div>\n<div class=\"escala\">Escala: 1:25.000<\/div>\n<div class=\"precio\">9,00\u20ac<\/div>\n<\/div><div class=\"fusion-clearfix\"><\/div><\/div><\/div><\/div><div class=\"fusion-clearfix\"><\/div><\/div><\/div><div class=\"fusion-layout-column fusion_builder_column fusion-builder-column-3 fusion_builder_column_1_4 1_4 fusion-one-fourth fusion-column-inner-bg-wrapper\" style=\"--awb-padding-top:2%;--awb-padding-right:6%;--awb-padding-left:6%;--awb-inner-bg-color:#ffffff;--awb-inner-bg-color-hover:#ffffff;--awb-inner-bg-size:cover;width:25%;width:calc(25% - ( ( 1% + 1% + 1% ) * 0.25 ) );margin-right: 1%;\"><span class=\"fusion-column-inner-bg hover-type-none\"><a class=\"fusion-column-anchor\" href=\"https:\/\/eltossalcartografies.com\/es\/producte\/el-maestrat-comarca-historica\/\"><span class=\"fusion-column-inner-bg-image\"><\/span><\/a><\/span><div class=\"fusion-column-wrapper fusion-column-has-shadow fusion-flex-column-wrapper-legacy\"><div class=\"fusion-builder-row fusion-builder-row-inner fusion-row\"><div class=\"fusion-layout-column fusion_builder_column_inner fusion-builder-nested-column-4 fusion_builder_column_inner_1_2 1_2 fusion-one-half fusion-column-first\" style=\"--awb-bg-size:cover;width:50%;width:calc(50% - ( ( 4% ) * 0.5 ) );margin-right: 4%;\"><div class=\"fusion-column-wrapper fusion-column-has-shadow fusion-flex-column-wrapper-legacy\"><div class=\"fusion-image-element in-legacy-container\" style=\"--awb-caption-title-font-family:var(--h2_typography-font-family);--awb-caption-title-font-weight:var(--h2_typography-font-weight);--awb-caption-title-font-style:var(--h2_typography-font-style);--awb-caption-title-size:var(--h2_typography-font-size);--awb-caption-title-transform:var(--h2_typography-text-transform);--awb-caption-title-line-height:var(--h2_typography-line-height);--awb-caption-title-letter-spacing:var(--h2_typography-letter-spacing);\"><span class=\" fusion-imageframe imageframe-none imageframe-3 hover-type-none\"><img decoding=\"async\" width=\"193\" height=\"300\" title=\"Mapa_Maestrat_PORTADA\" src=\"https:\/\/eltossalcartografies.com\/wp-content\/uploads\/2021\/04\/Mapa_Maestrat_PORTADA-193x300.jpg\" alt class=\"img-responsive wp-image-24781\" srcset=\"https:\/\/eltossalcartografies.com\/wp-content\/uploads\/2021\/04\/Mapa_Maestrat_PORTADA-200x311.jpg 200w, https:\/\/eltossalcartografies.com\/wp-content\/uploads\/2021\/04\/Mapa_Maestrat_PORTADA-400x622.jpg 400w, https:\/\/eltossalcartografies.com\/wp-content\/uploads\/2021\/04\/Mapa_Maestrat_PORTADA-600x933.jpg 600w, https:\/\/eltossalcartografies.com\/wp-content\/uploads\/2021\/04\/Mapa_Maestrat_PORTADA-800x1244.jpg 800w, https:\/\/eltossalcartografies.com\/wp-content\/uploads\/2021\/04\/Mapa_Maestrat_PORTADA-1200x1866.jpg 1200w, https:\/\/eltossalcartografies.com\/wp-content\/uploads\/2021\/04\/Mapa_Maestrat_PORTADA.jpg 1329w\" sizes=\"(max-width: 800px) 100vw, 600px\" \/><\/span><\/div><div class=\"fusion-clearfix\"><\/div><\/div><\/div><div class=\"fusion-layout-column fusion_builder_column_inner fusion-builder-nested-column-5 fusion_builder_column_inner_1_2 1_2 fusion-one-half fusion-column-last\" style=\"--awb-bg-size:cover;width:50%;width:calc(50% - ( ( 4% ) * 0.5 ) );\"><div class=\"fusion-column-wrapper fusion-column-has-shadow fusion-flex-column-wrapper-legacy\"><div class=\"fusion-text fusion-text-4\"><h4>Mapa y gu\u00eda excursionista<\/h4>\n<h3>El Maestrat. Comarca hist\u00f3rica<\/h3>\n<div class=\"fecha_publicacion\">Fecha de publicaci\u00f3n: 2021-04-09<\/div>\n<div class=\"escala\">Escala: 1:85.000<\/div>\n<div class=\"precio\">7,00\u20ac<\/div>\n<\/div><div class=\"fusion-clearfix\"><\/div><\/div><\/div><\/div><div class=\"fusion-clearfix\"><\/div><\/div><\/div><div class=\"fusion-layout-column fusion_builder_column fusion-builder-column-4 fusion_builder_column_1_4 1_4 fusion-one-fourth fusion-column-last fusion-column-inner-bg-wrapper\" style=\"--awb-padding-top:2%;--awb-padding-right:6%;--awb-padding-left:6%;--awb-inner-bg-color:#ffffff;--awb-inner-bg-color-hover:#ffffff;--awb-inner-bg-size:cover;width:25%;width:calc(25% - ( ( 1% + 1% + 1% ) * 0.25 ) );\"><span class=\"fusion-column-inner-bg hover-type-none\"><a class=\"fusion-column-anchor\" href=\"https:\/\/eltossalcartografies.com\/es\/producto\/doble-mapa-i-guia-excursionista-alto-turia\/\"><span class=\"fusion-column-inner-bg-image\"><\/span><\/a><\/span><div class=\"fusion-column-wrapper fusion-column-has-shadow fusion-flex-column-wrapper-legacy\"><div class=\"fusion-builder-row fusion-builder-row-inner fusion-row\"><div class=\"fusion-layout-column fusion_builder_column_inner fusion-builder-nested-column-6 fusion_builder_column_inner_1_2 1_2 fusion-one-half fusion-column-first\" style=\"--awb-bg-size:cover;width:50%;width:calc(50% - ( ( 4% ) * 0.5 ) );margin-right: 4%;\"><div class=\"fusion-column-wrapper fusion-column-has-shadow fusion-flex-column-wrapper-legacy\"><div class=\"fusion-image-element in-legacy-container\" style=\"--awb-caption-title-font-family:var(--h2_typography-font-family);--awb-caption-title-font-weight:var(--h2_typography-font-weight);--awb-caption-title-font-style:var(--h2_typography-font-style);--awb-caption-title-size:var(--h2_typography-font-size);--awb-caption-title-transform:var(--h2_typography-text-transform);--awb-caption-title-line-height:var(--h2_typography-line-height);--awb-caption-title-letter-spacing:var(--h2_typography-letter-spacing);\"><span class=\" fusion-imageframe imageframe-none imageframe-4 hover-type-none\"><img decoding=\"async\" width=\"789\" height=\"1200\" title=\"M0 01 Doble mapa i guia excursionista Alto Turia\" src=\"https:\/\/eltossalcartografies.com\/wp-content\/uploads\/2020\/06\/M0-01-Doble-mapa-i-guia-excursionista-Alto-Turia-2.jpg\" alt class=\"img-responsive wp-image-21934\" srcset=\"https:\/\/eltossalcartografies.com\/wp-content\/uploads\/2020\/06\/M0-01-Doble-mapa-i-guia-excursionista-Alto-Turia-2-200x304.jpg 200w, https:\/\/eltossalcartografies.com\/wp-content\/uploads\/2020\/06\/M0-01-Doble-mapa-i-guia-excursionista-Alto-Turia-2-400x608.jpg 400w, https:\/\/eltossalcartografies.com\/wp-content\/uploads\/2020\/06\/M0-01-Doble-mapa-i-guia-excursionista-Alto-Turia-2-600x913.jpg 600w, https:\/\/eltossalcartografies.com\/wp-content\/uploads\/2020\/06\/M0-01-Doble-mapa-i-guia-excursionista-Alto-Turia-2.jpg 789w\" sizes=\"(max-width: 800px) 100vw, 600px\" \/><\/span><\/div><div class=\"fusion-clearfix\"><\/div><\/div><\/div><div class=\"fusion-layout-column fusion_builder_column_inner fusion-builder-nested-column-7 fusion_builder_column_inner_1_2 1_2 fusion-one-half fusion-column-last\" style=\"--awb-bg-size:cover;width:50%;width:calc(50% - ( ( 4% ) * 0.5 ) );\"><div class=\"fusion-column-wrapper fusion-column-has-shadow fusion-flex-column-wrapper-legacy\"><div class=\"fusion-text fusion-text-5\"><h4>Doble mapa y guia excursionista<\/h4>\n<h3>Alto Turia<\/h3>\n<div class=\"fecha_publicacion\">Fecha de publicaci\u00f3n: 2020-06-15<\/div>\n<div class=\"escala\">Escala: 1:30.000<\/div>\n<div class=\"precio\">10,00\u20ac<\/div>\n<\/div><div class=\"fusion-clearfix\"><\/div><\/div><\/div><\/div><div class=\"fusion-clearfix\"><\/div><\/div><\/div>\n<\/div><\/div><div class=\"fusion-fullwidth fullwidth-box fusion-builder-row-3 nonhundred-percent-fullwidth non-hundred-percent-height-scrolling fusion-equal-height-columns mapes-inici\" style=\"--awb-border-radius-top-left:0px;--awb-border-radius-top-right:0px;--awb-border-radius-bottom-right:0px;--awb-border-radius-bottom-left:0px;--awb-padding-top:0px;--awb-padding-right:0px;--awb-padding-bottom:0px;--awb-padding-left:0px;--awb-margin-top:0px;--awb-margin-bottom:0px;--awb-background-color:rgba(255,255,255,0);--awb-flex-wrap:wrap;\" ><div class=\"fusion-builder-row fusion-row\"><div class=\"fusion-layout-column fusion_builder_column fusion-builder-column-5 fusion_builder_column_1_4 1_4 fusion-one-fourth fusion-column-first fusion-column-inner-bg-wrapper\" style=\"--awb-padding-top:2%;--awb-padding-right:6%;--awb-padding-left:6%;--awb-inner-bg-color:#ffffff;--awb-inner-bg-color-hover:#ffffff;--awb-inner-bg-size:cover;width:25%;width:calc(25% - ( ( 1% + 1% + 1% ) * 0.25 ) );margin-right: 1%;\"><span class=\"fusion-column-inner-bg hover-type-none\"><a class=\"fusion-column-anchor\" href=\"https:\/\/eltossalcartografies.com\/es\/producto\/mapa-i-guia-excursionista-desert-de-les-palmes\/\"><span class=\"fusion-column-inner-bg-image\"><\/span><\/a><\/span><div class=\"fusion-column-wrapper fusion-column-has-shadow fusion-flex-column-wrapper-legacy\"><div class=\"fusion-builder-row fusion-builder-row-inner fusion-row\"><div class=\"fusion-layout-column fusion_builder_column_inner fusion-builder-nested-column-8 fusion_builder_column_inner_1_2 1_2 fusion-one-half fusion-column-first\" style=\"--awb-bg-size:cover;width:50%;width:calc(50% - ( ( 4% ) * 0.5 ) );margin-right: 4%;\"><div class=\"fusion-column-wrapper fusion-column-has-shadow fusion-flex-column-wrapper-legacy\"><div class=\"fusion-image-element in-legacy-container\" style=\"--awb-caption-title-font-family:var(--h2_typography-font-family);--awb-caption-title-font-weight:var(--h2_typography-font-weight);--awb-caption-title-font-style:var(--h2_typography-font-style);--awb-caption-title-size:var(--h2_typography-font-size);--awb-caption-title-transform:var(--h2_typography-text-transform);--awb-caption-title-line-height:var(--h2_typography-line-height);--awb-caption-title-letter-spacing:var(--h2_typography-letter-spacing);\"><span class=\" fusion-imageframe imageframe-none imageframe-5 hover-type-none\"><img decoding=\"async\" width=\"607\" height=\"1100\" alt=\"mapes i guies excursionistes: desert de les palmes\" title=\"M1-mapa-desert-de-les-palmes-portada-rgb\" src=\"https:\/\/eltossalcartografies.com\/wp-content\/uploads\/2020\/04\/M1-mapa-desert-de-les-palmes-portada-rgb.jpg\" class=\"img-responsive wp-image-20517\" srcset=\"https:\/\/eltossalcartografies.com\/wp-content\/uploads\/2020\/04\/M1-mapa-desert-de-les-palmes-portada-rgb-200x362.jpg 200w, https:\/\/eltossalcartografies.com\/wp-content\/uploads\/2020\/04\/M1-mapa-desert-de-les-palmes-portada-rgb-400x725.jpg 400w, https:\/\/eltossalcartografies.com\/wp-content\/uploads\/2020\/04\/M1-mapa-desert-de-les-palmes-portada-rgb-600x1087.jpg 600w, https:\/\/eltossalcartografies.com\/wp-content\/uploads\/2020\/04\/M1-mapa-desert-de-les-palmes-portada-rgb.jpg 607w\" sizes=\"(max-width: 800px) 100vw, 600px\" \/><\/span><\/div><div class=\"fusion-clearfix\"><\/div><\/div><\/div><div class=\"fusion-layout-column fusion_builder_column_inner fusion-builder-nested-column-9 fusion_builder_column_inner_1_2 1_2 fusion-one-half fusion-column-last\" style=\"--awb-bg-size:cover;width:50%;width:calc(50% - ( ( 4% ) * 0.5 ) );\"><div class=\"fusion-column-wrapper fusion-column-has-shadow fusion-flex-column-wrapper-legacy\"><div class=\"fusion-text fusion-text-6\" style=\"--awb-content-alignment:left;\"><h4>Mapa i guia excursionista<\/h4>\n<h3>Desert de les Palmes<\/h3>\n<div class=\"fecha_publicacion\">Data de publicaci\u00f3: 2019-11-1<\/div>\n<div class=\"escala\">Escala: 1:25.000<\/div>\n<div class=\"precio\">10,00\u20ac<\/div>\n<\/div><div class=\"fusion-clearfix\"><\/div><\/div><\/div><\/div><div class=\"fusion-clearfix\"><\/div><\/div><\/div>\n<div class=\"fusion-layout-column fusion_builder_column fusion-builder-column-6 fusion_builder_column_1_4 1_4 fusion-one-fourth fusion-column-inner-bg-wrapper\" style=\"--awb-padding-top:2%;--awb-padding-right:6%;--awb-padding-left:6%;--awb-inner-bg-color:#ffffff;--awb-inner-bg-color-hover:#ffffff;--awb-inner-bg-size:cover;width:25%;width:calc(25% - ( ( 1% + 1% + 1% ) * 0.25 ) );margin-right: 1%;\"><span class=\"fusion-column-inner-bg hover-type-none\"><a class=\"fusion-column-anchor\" href=\"https:\/\/eltossalcartografies.com\/es\/producto\/mapa-i-guia-excursionista-puertomingalvo\/\"><span class=\"fusion-column-inner-bg-image\"><\/span><\/a><\/span><div class=\"fusion-column-wrapper fusion-column-has-shadow fusion-flex-column-wrapper-legacy\"><div class=\"fusion-builder-row fusion-builder-row-inner fusion-row\"><div class=\"fusion-layout-column fusion_builder_column_inner fusion-builder-nested-column-10 fusion_builder_column_inner_1_2 1_2 fusion-one-half fusion-column-first\" style=\"--awb-bg-size:cover;width:50%;width:calc(50% - ( ( 4% ) * 0.5 ) );margin-right: 4%;\"><div class=\"fusion-column-wrapper fusion-column-has-shadow fusion-flex-column-wrapper-legacy\"><div class=\"fusion-image-element in-legacy-container\" style=\"--awb-caption-title-font-family:var(--h2_typography-font-family);--awb-caption-title-font-weight:var(--h2_typography-font-weight);--awb-caption-title-font-style:var(--h2_typography-font-style);--awb-caption-title-size:var(--h2_typography-font-size);--awb-caption-title-transform:var(--h2_typography-text-transform);--awb-caption-title-line-height:var(--h2_typography-line-height);--awb-caption-title-letter-spacing:var(--h2_typography-letter-spacing);\"><span class=\" fusion-imageframe imageframe-none imageframe-6 hover-type-none\"><img decoding=\"async\" width=\"622\" height=\"1100\" alt=\" oferta de mapes excursionistes: puertomingalvo\" title=\"M2-puertomingalvo-Portada\" src=\"https:\/\/eltossalcartografies.com\/wp-content\/uploads\/2020\/04\/M2-puertomingalvo-Portada.jpg\" class=\"img-responsive wp-image-20536\" srcset=\"https:\/\/eltossalcartografies.com\/wp-content\/uploads\/2020\/04\/M2-puertomingalvo-Portada-200x354.jpg 200w, https:\/\/eltossalcartografies.com\/wp-content\/uploads\/2020\/04\/M2-puertomingalvo-Portada-400x707.jpg 400w, https:\/\/eltossalcartografies.com\/wp-content\/uploads\/2020\/04\/M2-puertomingalvo-Portada-600x1061.jpg 600w, https:\/\/eltossalcartografies.com\/wp-content\/uploads\/2020\/04\/M2-puertomingalvo-Portada.jpg 622w\" sizes=\"(max-width: 800px) 100vw, 600px\" \/><\/span><\/div><div class=\"fusion-clearfix\"><\/div><\/div><\/div><div class=\"fusion-layout-column fusion_builder_column_inner fusion-builder-nested-column-11 fusion_builder_column_inner_1_2 1_2 fusion-one-half fusion-column-last\" style=\"--awb-bg-size:cover;width:50%;width:calc(50% - ( ( 4% ) * 0.5 ) );\"><div class=\"fusion-column-wrapper fusion-column-has-shadow fusion-flex-column-wrapper-legacy\"><div class=\"fusion-text fusion-text-7\"><h4>Mapa i guia excursionista<\/h4>\n<h3>Puertomingalvo<\/h3>\n<div class=\"fecha_publicacion\">Data de publicaci\u00f3: 2018-07-01<\/div>\n<div class=\"escala\">Escala: 1:25.000<\/div>\n<div class=\"precio\">9,00\u20ac<\/div>\n<\/div><div class=\"fusion-clearfix\"><\/div><\/div><\/div><\/div><div class=\"fusion-clearfix\"><\/div><\/div><\/div>\n<div class=\"fusion-layout-column fusion_builder_column fusion-builder-column-7 fusion_builder_column_1_4 1_4 fusion-one-fourth fusion-column-inner-bg-wrapper\" style=\"--awb-padding-top:2%;--awb-padding-right:6%;--awb-padding-left:6%;--awb-inner-bg-color:#ffffff;--awb-inner-bg-color-hover:#ffffff;--awb-inner-bg-size:cover;width:25%;width:calc(25% - ( ( 1% + 1% + 1% ) * 0.25 ) );margin-right: 1%;\" data-scroll-devices=\"small-visibility,medium-visibility,large-visibility\"><span class=\"fusion-column-inner-bg hover-type-none\"><a class=\"fusion-column-anchor\" href=\"https:\/\/eltossalcartografies.com\/es\/producto\/mapa-i-guia-excursionista-la-tinenca-de-benifassa-nova-edicio\/\" aria-label=\" oferta de mapes excursionistes\"><span class=\"fusion-column-inner-bg-image\"><\/span><\/a><\/span><div class=\"fusion-column-wrapper fusion-column-has-shadow fusion-flex-column-wrapper-legacy\"><div class=\"fusion-builder-row fusion-builder-row-inner fusion-row\"><div class=\"fusion-layout-column fusion_builder_column_inner fusion-builder-nested-column-12 fusion_builder_column_inner_1_2 1_2 fusion-one-half fusion-column-first\" style=\"--awb-bg-size:cover;width:50%;width:calc(50% - ( ( 4% ) * 0.5 ) );margin-right: 4%;\"><div class=\"fusion-column-wrapper fusion-column-has-shadow fusion-flex-column-wrapper-legacy\"><div class=\"fusion-image-element in-legacy-container\" style=\"--awb-caption-title-font-family:var(--h2_typography-font-family);--awb-caption-title-font-weight:var(--h2_typography-font-weight);--awb-caption-title-font-style:var(--h2_typography-font-style);--awb-caption-title-size:var(--h2_typography-font-size);--awb-caption-title-transform:var(--h2_typography-text-transform);--awb-caption-title-line-height:var(--h2_typography-line-height);--awb-caption-title-letter-spacing:var(--h2_typography-letter-spacing);\"><span class=\" fusion-imageframe imageframe-none imageframe-7 hover-type-none\"><img decoding=\"async\" width=\"578\" height=\"1100\" alt=\" oferta de mapes excursionistes: la tinen\u00e7a de benifass\u00e0\" title=\"m3-mapa-tinenca-tinenca-portada-2018\" src=\"https:\/\/eltossalcartografies.com\/wp-content\/uploads\/2020\/04\/m3-mapa-tinenca-tinenca-portada-2018.jpg\" class=\"img-responsive wp-image-20547\" srcset=\"https:\/\/eltossalcartografies.com\/wp-content\/uploads\/2020\/04\/m3-mapa-tinenca-tinenca-portada-2018-200x381.jpg 200w, https:\/\/eltossalcartografies.com\/wp-content\/uploads\/2020\/04\/m3-mapa-tinenca-tinenca-portada-2018-400x761.jpg 400w, https:\/\/eltossalcartografies.com\/wp-content\/uploads\/2020\/04\/m3-mapa-tinenca-tinenca-portada-2018.jpg 578w\" sizes=\"(max-width: 800px) 100vw, 578px\" \/><\/span><\/div><div class=\"fusion-clearfix\"><\/div><\/div><\/div><div class=\"fusion-layout-column fusion_builder_column_inner fusion-builder-nested-column-13 fusion_builder_column_inner_1_2 1_2 fusion-one-half fusion-column-last\" style=\"--awb-bg-size:cover;width:50%;width:calc(50% - ( ( 4% ) * 0.5 ) );\"><div class=\"fusion-column-wrapper fusion-column-has-shadow fusion-flex-column-wrapper-legacy\"><div class=\"fusion-text fusion-text-8\"><h4>Mapa i guia excursionista<\/h4>\n<h3>La Tinen\u00e7a de Benifass\u00e0. Nova edici\u00f3<\/h3>\n<div class=\"fecha_publicacion\">Data de reedici\u00f3: 2017-12-15<\/div>\n<div class=\"escala\">Escala: 1:30.000<\/div>\n<div class=\"precio\">10,00\u20ac<\/div>\n<\/div><div class=\"fusion-clearfix\"><\/div><\/div><\/div><\/div><div class=\"fusion-clearfix\"><\/div><\/div><\/div>\n<div class=\"fusion-layout-column fusion_builder_column fusion-builder-column-8 fusion_builder_column_1_4 1_4 fusion-one-fourth fusion-column-last fusion-column-inner-bg-wrapper\" style=\"--awb-padding-top:2%;--awb-padding-right:6%;--awb-padding-left:6%;--awb-inner-bg-color:#ffffff;--awb-inner-bg-color-hover:#ffffff;--awb-inner-bg-size:cover;width:25%;width:calc(25% - ( ( 1% + 1% + 1% ) * 0.25 ) );\"><span class=\"fusion-column-inner-bg hover-type-none\"><a class=\"fusion-column-anchor\" href=\"https:\/\/eltossalcartografies.com\/es\/producto\/mapa-y-guia-excursionista-carrascal-de-la-font-roja\/\"><span class=\"fusion-column-inner-bg-image\"><\/span><\/a><\/span><div class=\"fusion-column-wrapper fusion-column-has-shadow fusion-flex-column-wrapper-legacy\"><div class=\"fusion-builder-row fusion-builder-row-inner fusion-row\"><div class=\"fusion-layout-column fusion_builder_column_inner fusion-builder-nested-column-14 fusion_builder_column_inner_1_2 1_2 fusion-one-half fusion-column-first\" style=\"--awb-bg-size:cover;width:50%;width:calc(50% - ( ( 4% ) * 0.5 ) );margin-right: 4%;\"><div class=\"fusion-column-wrapper fusion-column-has-shadow fusion-flex-column-wrapper-legacy\"><div class=\"fusion-image-element in-legacy-container\" style=\"--awb-caption-title-font-family:var(--h2_typography-font-family);--awb-caption-title-font-weight:var(--h2_typography-font-weight);--awb-caption-title-font-style:var(--h2_typography-font-style);--awb-caption-title-size:var(--h2_typography-font-size);--awb-caption-title-transform:var(--h2_typography-text-transform);--awb-caption-title-line-height:var(--h2_typography-line-height);--awb-caption-title-letter-spacing:var(--h2_typography-letter-spacing);\"><span class=\" fusion-imageframe imageframe-none imageframe-8 hover-type-none\"><img decoding=\"async\" width=\"598\" height=\"1100\" alt=\" oferta de mapes excursionistes\" title=\"mapa carrascal font roja portada\" src=\"https:\/\/eltossalcartografies.com\/wp-content\/uploads\/2020\/05\/mapa-carrascal-font-roja-portada.jpg\" class=\"img-responsive wp-image-20710\" srcset=\"https:\/\/eltossalcartografies.com\/wp-content\/uploads\/2020\/05\/mapa-carrascal-font-roja-portada-200x368.jpg 200w, https:\/\/eltossalcartografies.com\/wp-content\/uploads\/2020\/05\/mapa-carrascal-font-roja-portada-400x736.jpg 400w, https:\/\/eltossalcartografies.com\/wp-content\/uploads\/2020\/05\/mapa-carrascal-font-roja-portada.jpg 598w\" sizes=\"(max-width: 800px) 100vw, 598px\" \/><\/span><\/div><div class=\"fusion-clearfix\"><\/div><\/div><\/div><div class=\"fusion-layout-column fusion_builder_column_inner fusion-builder-nested-column-15 fusion_builder_column_inner_1_2 1_2 fusion-one-half fusion-column-last\" style=\"--awb-bg-size:cover;width:50%;width:calc(50% - ( ( 4% ) * 0.5 ) );\"><div class=\"fusion-column-wrapper fusion-column-has-shadow fusion-flex-column-wrapper-legacy\"><div class=\"fusion-text fusion-text-9\"><h4>Mapa i guia excursionista<\/h4>\n<h3>Carrascal de la Font Roja<\/h3>\n<div class=\"fecha_publicacion\">Data de publicaci\u00f3: 2018-01-01<\/div>\n<div class=\"escala\">Escala: 1:25.000<\/div>\n<div class=\"precio\">10,00\u20ac<\/div>\n<\/div><div class=\"fusion-clearfix\"><\/div><\/div><\/div><\/div><div class=\"fusion-clearfix\"><\/div><\/div><\/div>\n<\/div><\/div><div class=\"fusion-fullwidth fullwidth-box fusion-builder-row-4 nonhundred-percent-fullwidth non-hundred-percent-height-scrolling fusion-equal-height-columns mapes-inici\" style=\"--awb-border-radius-top-left:0px;--awb-border-radius-top-right:0px;--awb-border-radius-bottom-right:0px;--awb-border-radius-bottom-left:0px;--awb-padding-top:0px;--awb-padding-right:0px;--awb-padding-bottom:0px;--awb-padding-left:0px;--awb-margin-top:0px;--awb-margin-bottom:0px;--awb-background-color:rgba(255,255,255,0);--awb-flex-wrap:wrap;\" ><div class=\"fusion-builder-row fusion-row\"><div class=\"fusion-layout-column fusion_builder_column fusion-builder-column-9 fusion_builder_column_1_4 1_4 fusion-one-fourth fusion-column-first fusion-column-inner-bg-wrapper\" style=\"--awb-padding-top:2%;--awb-padding-right:6%;--awb-padding-left:6%;--awb-inner-bg-color:#ffffff;--awb-inner-bg-color-hover:#ffffff;--awb-inner-bg-size:cover;width:25%;width:calc(25% - ( ( 1% + 1% + 1% ) * 0.25 ) );margin-right: 1%;\"><span class=\"fusion-column-inner-bg hover-type-none\"><a class=\"fusion-column-anchor\" href=\"https:\/\/eltossalcartografies.com\/es\/producto\/doble-mapa-i-guia-excursionista-serra-despada-es\/\"><span class=\"fusion-column-inner-bg-image\"><\/span><\/a><\/span><div class=\"fusion-column-wrapper fusion-column-has-shadow fusion-flex-column-wrapper-legacy\"><div class=\"fusion-builder-row fusion-builder-row-inner fusion-row\"><div class=\"fusion-layout-column fusion_builder_column_inner fusion-builder-nested-column-16 fusion_builder_column_inner_1_2 1_2 fusion-one-half fusion-column-first\" style=\"--awb-bg-size:cover;width:50%;width:calc(50% - ( ( 4% ) * 0.5 ) );margin-right: 4%;\"><div class=\"fusion-column-wrapper fusion-column-has-shadow fusion-flex-column-wrapper-legacy\"><div class=\"fusion-image-element in-legacy-container\" style=\"--awb-caption-title-font-family:var(--h2_typography-font-family);--awb-caption-title-font-weight:var(--h2_typography-font-weight);--awb-caption-title-font-style:var(--h2_typography-font-style);--awb-caption-title-size:var(--h2_typography-font-size);--awb-caption-title-transform:var(--h2_typography-text-transform);--awb-caption-title-line-height:var(--h2_typography-line-height);--awb-caption-title-letter-spacing:var(--h2_typography-letter-spacing);\"><span class=\" fusion-imageframe imageframe-none imageframe-9 hover-type-none\"><img decoding=\"async\" width=\"384\" height=\"600\" alt=\" oferta de mapes excursionistes: serra d&#039;espad\u00e0\" title=\"M5-serra-espada\" src=\"https:\/\/eltossalcartografies.com\/wp-content\/uploads\/2020\/04\/M5-serra-espada.jpg\" class=\"img-responsive wp-image-20578\" srcset=\"https:\/\/eltossalcartografies.com\/wp-content\/uploads\/2020\/04\/M5-serra-espada-200x313.jpg 200w, https:\/\/eltossalcartografies.com\/wp-content\/uploads\/2020\/04\/M5-serra-espada.jpg 384w\" sizes=\"(max-width: 800px) 100vw, 384px\" \/><\/span><\/div><div class=\"fusion-clearfix\"><\/div><\/div><\/div><div class=\"fusion-layout-column fusion_builder_column_inner fusion-builder-nested-column-17 fusion_builder_column_inner_1_2 1_2 fusion-one-half fusion-column-last\" style=\"--awb-bg-size:cover;width:50%;width:calc(50% - ( ( 4% ) * 0.5 ) );\"><div class=\"fusion-column-wrapper fusion-column-has-shadow fusion-flex-column-wrapper-legacy\"><div class=\"fusion-text fusion-text-10\"><h4>Doble mapa i guia excursionista<\/h4>\n<h3>Serra d\u2019Espad\u00e0<\/h3>\n<div class=\"fecha_publicacion\">Data de publicaci\u00f3: 2016-12-01<\/div>\n<div class=\"escala\">Escala: 1:30.000<\/div>\n<div class=\"precio\">15,00\u20ac<\/div>\n<\/div><div class=\"fusion-clearfix\"><\/div><\/div><\/div><\/div><div class=\"fusion-clearfix\"><\/div><\/div><\/div>\n<div class=\"fusion-layout-column fusion_builder_column fusion-builder-column-10 fusion_builder_column_1_4 1_4 fusion-one-fourth fusion-column-inner-bg-wrapper\" style=\"--awb-padding-top:2%;--awb-padding-right:6%;--awb-padding-left:6%;--awb-inner-bg-color:#ffffff;--awb-inner-bg-color-hover:#ffffff;--awb-inner-bg-size:cover;width:25%;width:calc(25% - ( ( 1% + 1% + 1% ) * 0.25 ) );margin-right: 1%;\"><span class=\"fusion-column-inner-bg hover-type-none\"><a class=\"fusion-column-anchor\" href=\"https:\/\/eltossalcartografies.com\/es\/producto\/mapa-y-guia-excursionista-font-roja-y-mariola-con-alcoi-de-fondo-trail-solidari-ciutat-dalcoi\/\"><span class=\"fusion-column-inner-bg-image\"><\/span><\/a><\/span><div class=\"fusion-column-wrapper fusion-column-has-shadow fusion-flex-column-wrapper-legacy\"><div class=\"fusion-builder-row fusion-builder-row-inner fusion-row\"><div class=\"fusion-layout-column fusion_builder_column_inner fusion-builder-nested-column-18 fusion_builder_column_inner_1_2 1_2 fusion-one-half fusion-column-first\" style=\"--awb-bg-size:cover;width:50%;width:calc(50% - ( ( 4% ) * 0.5 ) );margin-right: 4%;\"><div class=\"fusion-column-wrapper fusion-column-has-shadow fusion-flex-column-wrapper-legacy\"><div class=\"fusion-image-element in-legacy-container\" style=\"--awb-caption-title-font-family:var(--h2_typography-font-family);--awb-caption-title-font-weight:var(--h2_typography-font-weight);--awb-caption-title-font-style:var(--h2_typography-font-style);--awb-caption-title-size:var(--h2_typography-font-size);--awb-caption-title-transform:var(--h2_typography-text-transform);--awb-caption-title-line-height:var(--h2_typography-line-height);--awb-caption-title-letter-spacing:var(--h2_typography-letter-spacing);\"><span class=\" fusion-imageframe imageframe-none imageframe-10 hover-type-none\"><img decoding=\"async\" width=\"822\" height=\"1100\" alt=\" oferta de mapes excursionistes\" title=\"font-roja-i-mariola-alcoi-de-fons-portada\" src=\"https:\/\/eltossalcartografies.com\/wp-content\/uploads\/2020\/05\/font-roja-i-mariola-alcoi-de-fons-portada-1.jpg\" class=\"img-responsive wp-image-20728\" srcset=\"https:\/\/eltossalcartografies.com\/wp-content\/uploads\/2020\/05\/font-roja-i-mariola-alcoi-de-fons-portada-1-200x268.jpg 200w, https:\/\/eltossalcartografies.com\/wp-content\/uploads\/2020\/05\/font-roja-i-mariola-alcoi-de-fons-portada-1-400x535.jpg 400w, https:\/\/eltossalcartografies.com\/wp-content\/uploads\/2020\/05\/font-roja-i-mariola-alcoi-de-fons-portada-1-600x803.jpg 600w, https:\/\/eltossalcartografies.com\/wp-content\/uploads\/2020\/05\/font-roja-i-mariola-alcoi-de-fons-portada-1-800x1071.jpg 800w, https:\/\/eltossalcartografies.com\/wp-content\/uploads\/2020\/05\/font-roja-i-mariola-alcoi-de-fons-portada-1.jpg 822w\" sizes=\"(max-width: 800px) 100vw, 600px\" \/><\/span><\/div><div class=\"fusion-clearfix\"><\/div><\/div><\/div><div class=\"fusion-layout-column fusion_builder_column_inner fusion-builder-nested-column-19 fusion_builder_column_inner_1_2 1_2 fusion-one-half fusion-column-last\" style=\"--awb-bg-size:cover;width:50%;width:calc(50% - ( ( 4% ) * 0.5 ) );\"><div class=\"fusion-column-wrapper fusion-column-has-shadow fusion-flex-column-wrapper-legacy\"><div class=\"fusion-text fusion-text-11\"><h4>Mapa excursionista<\/h4>\n<h3>Font Roja i Mariola amb Alcoi de fons<\/h3>\n<div class=\"fecha_publicacion\">Data de publicaci\u00f3: 2014-02-01<\/div>\n<div class=\"escala\">Escala: 1:25.000<\/div>\n<div class=\"precio\">5,00\u20ac<\/div>\n<\/div><div class=\"fusion-clearfix\"><\/div><\/div><\/div><\/div><div class=\"fusion-clearfix\"><\/div><\/div><\/div>\n<div class=\"fusion-layout-column fusion_builder_column fusion-builder-column-11 fusion_builder_column_1_4 1_4 fusion-one-fourth fusion-column-inner-bg-wrapper\" style=\"--awb-padding-top:2%;--awb-padding-right:6%;--awb-padding-left:6%;--awb-inner-bg-color:#ffffff;--awb-inner-bg-color-hover:#ffffff;--awb-inner-bg-size:cover;width:25%;width:calc(25% - ( ( 1% + 1% + 1% ) * 0.25 ) );margin-right: 1%;\"><span class=\"fusion-column-inner-bg hover-type-none\"><a class=\"fusion-column-anchor\" href=\"https:\/\/eltossalcartografies.com\/es\/producto\/mapa-i-guia-excursionista-vistabella-del-maestrat\/\"><span class=\"fusion-column-inner-bg-image\"><\/span><\/a><\/span><div class=\"fusion-column-wrapper fusion-column-has-shadow fusion-flex-column-wrapper-legacy\"><div class=\"fusion-builder-row fusion-builder-row-inner fusion-row\"><div class=\"fusion-layout-column fusion_builder_column_inner fusion-builder-nested-column-20 fusion_builder_column_inner_1_2 1_2 fusion-one-half fusion-column-first\" style=\"--awb-bg-size:cover;width:50%;width:calc(50% - ( ( 4% ) * 0.5 ) );margin-right: 4%;\"><div class=\"fusion-column-wrapper fusion-column-has-shadow fusion-flex-column-wrapper-legacy\"><div class=\"fusion-image-element in-legacy-container\" style=\"--awb-caption-title-font-family:var(--h2_typography-font-family);--awb-caption-title-font-weight:var(--h2_typography-font-weight);--awb-caption-title-font-style:var(--h2_typography-font-style);--awb-caption-title-size:var(--h2_typography-font-size);--awb-caption-title-transform:var(--h2_typography-text-transform);--awb-caption-title-line-height:var(--h2_typography-line-height);--awb-caption-title-letter-spacing:var(--h2_typography-letter-spacing);\"><span class=\" fusion-imageframe imageframe-none imageframe-11 hover-type-none\"><img decoding=\"async\" width=\"418\" height=\"600\" alt=\" oferta de mapes excursionistes: vistabella del maestrat\" title=\"mapa-vistabella-portada\" src=\"https:\/\/eltossalcartografies.com\/wp-content\/uploads\/2020\/04\/mapa-vistabella-portada.jpg\" class=\"img-responsive wp-image-20585\" srcset=\"https:\/\/eltossalcartografies.com\/wp-content\/uploads\/2020\/04\/mapa-vistabella-portada-200x287.jpg 200w, https:\/\/eltossalcartografies.com\/wp-content\/uploads\/2020\/04\/mapa-vistabella-portada-400x574.jpg 400w, https:\/\/eltossalcartografies.com\/wp-content\/uploads\/2020\/04\/mapa-vistabella-portada.jpg 418w\" sizes=\"(max-width: 800px) 100vw, 418px\" \/><\/span><\/div><div class=\"fusion-clearfix\"><\/div><\/div><\/div><div class=\"fusion-layout-column fusion_builder_column_inner fusion-builder-nested-column-21 fusion_builder_column_inner_1_2 1_2 fusion-one-half fusion-column-last\" style=\"--awb-bg-size:cover;width:50%;width:calc(50% - ( ( 4% ) * 0.5 ) );\"><div class=\"fusion-column-wrapper fusion-column-has-shadow fusion-flex-column-wrapper-legacy\"><div class=\"fusion-text fusion-text-12\"><h4>Mapa i guia excursionista<\/h4>\n<h3>Vistabella del Maestrat<\/h3>\n<div class=\"fecha_publicacion\">Data de publicaci\u00f3: 2010-02-01<\/div>\n<div class=\"escala\">Escala: 1:25.000<\/div>\n<div class=\"precio\">6,00\u20ac<\/div>\n<\/div><div class=\"fusion-clearfix\"><\/div><\/div><\/div><\/div><div class=\"fusion-clearfix\"><\/div><\/div><\/div>\n<div class=\"fusion-layout-column fusion_builder_column fusion-builder-column-12 fusion_builder_column_1_4 1_4 fusion-one-fourth fusion-column-last fusion-column-inner-bg-wrapper\" style=\"--awb-padding-top:2%;--awb-padding-right:6%;--awb-padding-left:6%;--awb-inner-bg-color:#ffffff;--awb-inner-bg-color-hover:#ffffff;--awb-inner-bg-size:cover;width:25%;width:calc(25% - ( ( 1% + 1% + 1% ) * 0.25 ) );\"><span class=\"fusion-column-inner-bg hover-type-none\"><a class=\"fusion-column-anchor\" href=\"https:\/\/eltossalcartografies.com\/es\/producto\/mapa-y-guia-excursionista-serra-de-mariola\/\"><span class=\"fusion-column-inner-bg-image\"><\/span><\/a><\/span><div class=\"fusion-column-wrapper fusion-column-has-shadow fusion-flex-column-wrapper-legacy\"><div class=\"fusion-builder-row fusion-builder-row-inner fusion-row\"><div class=\"fusion-layout-column fusion_builder_column_inner fusion-builder-nested-column-22 fusion_builder_column_inner_1_2 1_2 fusion-one-half fusion-column-first\" style=\"--awb-bg-size:cover;width:50%;width:calc(50% - ( ( 4% ) * 0.5 ) );margin-right: 4%;\"><div class=\"fusion-column-wrapper fusion-column-has-shadow fusion-flex-column-wrapper-legacy\"><div class=\"fusion-image-element in-legacy-container\" style=\"--awb-caption-title-font-family:var(--h2_typography-font-family);--awb-caption-title-font-weight:var(--h2_typography-font-weight);--awb-caption-title-font-style:var(--h2_typography-font-style);--awb-caption-title-size:var(--h2_typography-font-size);--awb-caption-title-transform:var(--h2_typography-text-transform);--awb-caption-title-line-height:var(--h2_typography-line-height);--awb-caption-title-letter-spacing:var(--h2_typography-letter-spacing);\"><span class=\" fusion-imageframe imageframe-none imageframe-12 hover-type-none\"><img decoding=\"async\" width=\"633\" height=\"1200\" title=\"M9 01 Mapa i guia excursionista Serra de Mariola\" src=\"https:\/\/eltossalcartografies.com\/wp-content\/uploads\/2020\/04\/M9-01-Mapa-i-guia-excursionista-Serra-de-Mariola.jpg\" alt class=\"img-responsive wp-image-21844\" srcset=\"https:\/\/eltossalcartografies.com\/wp-content\/uploads\/2020\/04\/M9-01-Mapa-i-guia-excursionista-Serra-de-Mariola-200x379.jpg 200w, https:\/\/eltossalcartografies.com\/wp-content\/uploads\/2020\/04\/M9-01-Mapa-i-guia-excursionista-Serra-de-Mariola-400x758.jpg 400w, https:\/\/eltossalcartografies.com\/wp-content\/uploads\/2020\/04\/M9-01-Mapa-i-guia-excursionista-Serra-de-Mariola-600x1137.jpg 600w, https:\/\/eltossalcartografies.com\/wp-content\/uploads\/2020\/04\/M9-01-Mapa-i-guia-excursionista-Serra-de-Mariola.jpg 633w\" sizes=\"(max-width: 800px) 100vw, 600px\" \/><\/span><\/div><div class=\"fusion-clearfix\"><\/div><\/div><\/div><div class=\"fusion-layout-column fusion_builder_column_inner fusion-builder-nested-column-23 fusion_builder_column_inner_1_2 1_2 fusion-one-half fusion-column-last\" style=\"--awb-bg-size:cover;width:50%;width:calc(50% - ( ( 4% ) * 0.5 ) );\"><div class=\"fusion-column-wrapper fusion-column-has-shadow fusion-flex-column-wrapper-legacy\"><div class=\"fusion-text fusion-text-13\"><h4>Mapa i guia excursionista<\/h4>\n<h3>Serra de Mariola<\/h3>\n<div class=\"fecha_publicacion\">Data de publicaci\u00f3: 2009-04-01<\/div>\n<div class=\"escala\">Escala: 1:25.000<\/div>\n<div class=\"precio\">10,00\u20ac<\/div>\n<\/div><div class=\"fusion-clearfix\"><\/div><\/div><\/div><\/div><div class=\"fusion-clearfix\"><\/div><\/div><\/div>\n<\/div><\/div><div class=\"fusion-fullwidth fullwidth-box fusion-builder-row-5 nonhundred-percent-fullwidth non-hundred-percent-height-scrolling fusion-equal-height-columns mapes-inici\" style=\"--awb-border-radius-top-left:0px;--awb-border-radius-top-right:0px;--awb-border-radius-bottom-right:0px;--awb-border-radius-bottom-left:0px;--awb-padding-top:0px;--awb-padding-right:0px;--awb-padding-bottom:0px;--awb-padding-left:0px;--awb-margin-top:0px;--awb-margin-bottom:0px;--awb-background-color:rgba(255,255,255,0);--awb-flex-wrap:wrap;\" ><div class=\"fusion-builder-row fusion-row\"><div class=\"fusion-layout-column fusion_builder_column fusion-builder-column-13 fusion_builder_column_1_4 1_4 fusion-one-fourth fusion-column-first fusion-column-inner-bg-wrapper\" style=\"--awb-padding-top:2%;--awb-padding-right:6%;--awb-padding-left:6%;--awb-inner-bg-color:#ffffff;--awb-inner-bg-color-hover:#ffffff;--awb-inner-bg-size:cover;width:25%;width:calc(25% - ( ( 1% + 1% + 1% ) * 0.25 ) );margin-right: 1%;\"><span class=\"fusion-column-inner-bg hover-type-none\"><a class=\"fusion-column-anchor\" href=\"https:\/\/eltossalcartografies.com\/es\/producto\/%e2%80%a8mapa-i-guia-excursionista-els-ports-i\/\"><span class=\"fusion-column-inner-bg-image\"><\/span><\/a><\/span><div class=\"fusion-column-wrapper fusion-column-has-shadow fusion-flex-column-wrapper-legacy\"><div class=\"fusion-builder-row fusion-builder-row-inner fusion-row\"><div class=\"fusion-layout-column fusion_builder_column_inner fusion-builder-nested-column-24 fusion_builder_column_inner_1_2 1_2 fusion-one-half fusion-column-first\" style=\"--awb-bg-size:cover;width:50%;width:calc(50% - ( ( 4% ) * 0.5 ) );margin-right: 4%;\"><div class=\"fusion-column-wrapper fusion-column-has-shadow fusion-flex-column-wrapper-legacy\"><div class=\"fusion-image-element in-legacy-container\" style=\"--awb-caption-title-font-family:var(--h2_typography-font-family);--awb-caption-title-font-weight:var(--h2_typography-font-weight);--awb-caption-title-font-style:var(--h2_typography-font-style);--awb-caption-title-size:var(--h2_typography-font-size);--awb-caption-title-transform:var(--h2_typography-text-transform);--awb-caption-title-line-height:var(--h2_typography-line-height);--awb-caption-title-letter-spacing:var(--h2_typography-letter-spacing);\"><span class=\" fusion-imageframe imageframe-none imageframe-13 hover-type-none\"><img decoding=\"async\" width=\"696\" height=\"1357\" title=\"m10-mapa-els-ports-I\" src=\"https:\/\/eltossalcartografies.com\/wp-content\/uploads\/2020\/04\/m10-mapa-els-ports-I.jpg\" alt class=\"img-responsive wp-image-20588\" srcset=\"https:\/\/eltossalcartografies.com\/wp-content\/uploads\/2020\/04\/m10-mapa-els-ports-I-200x390.jpg 200w, https:\/\/eltossalcartografies.com\/wp-content\/uploads\/2020\/04\/m10-mapa-els-ports-I-400x780.jpg 400w, https:\/\/eltossalcartografies.com\/wp-content\/uploads\/2020\/04\/m10-mapa-els-ports-I-600x1170.jpg 600w, https:\/\/eltossalcartografies.com\/wp-content\/uploads\/2020\/04\/m10-mapa-els-ports-I.jpg 696w\" sizes=\"(max-width: 800px) 100vw, 600px\" \/><\/span><\/div><div class=\"fusion-clearfix\"><\/div><\/div><\/div><div class=\"fusion-layout-column fusion_builder_column_inner fusion-builder-nested-column-25 fusion_builder_column_inner_1_2 1_2 fusion-one-half fusion-column-last\" style=\"--awb-bg-size:cover;width:50%;width:calc(50% - ( ( 4% ) * 0.5 ) );\"><div class=\"fusion-column-wrapper fusion-column-has-shadow fusion-flex-column-wrapper-legacy\"><div class=\"fusion-text fusion-text-14\"><h4>Mapa i guia excursionista<\/h4>\n<h3>Els Ports I<\/h3>\n<div class=\"fecha_publicacion\">Data de publicaci\u00f3: 2009-04-01<\/div>\n<div class=\"escala\">Escala: 1:25.000<\/div>\n<div class=\"precio\">10,00\u20ac<\/div>\n<\/div><div class=\"fusion-clearfix\"><\/div><\/div><\/div><\/div><div class=\"fusion-clearfix\"><\/div><\/div><\/div>\n<div class=\"fusion-layout-column fusion_builder_column fusion-builder-column-14 fusion_builder_column_1_4 1_4 fusion-one-fourth fusion-column-inner-bg-wrapper\" style=\"--awb-padding-top:2%;--awb-padding-right:6%;--awb-padding-left:6%;--awb-inner-bg-color:#ffffff;--awb-inner-bg-color-hover:#ffffff;--awb-inner-bg-size:cover;width:25%;width:calc(25% - ( ( 1% + 1% + 1% ) * 0.25 ) );margin-right: 1%;\"><span class=\"fusion-column-inner-bg hover-type-none\"><a class=\"fusion-column-anchor\" href=\"https:\/\/eltossalcartografies.com\/es\/producto\/mapa-y-guia-excursionista-la-serrella\/\"><span class=\"fusion-column-inner-bg-image\"><\/span><\/a><\/span><div class=\"fusion-column-wrapper fusion-column-has-shadow fusion-flex-column-wrapper-legacy\"><div class=\"fusion-builder-row fusion-builder-row-inner fusion-row\"><div class=\"fusion-layout-column fusion_builder_column_inner fusion-builder-nested-column-26 fusion_builder_column_inner_1_2 1_2 fusion-one-half fusion-column-first\" style=\"--awb-bg-size:cover;width:50%;width:calc(50% - ( ( 4% ) * 0.5 ) );margin-right: 4%;\"><div class=\"fusion-column-wrapper fusion-column-has-shadow fusion-flex-column-wrapper-legacy\"><div class=\"fusion-image-element in-legacy-container\" style=\"--awb-caption-title-font-family:var(--h2_typography-font-family);--awb-caption-title-font-weight:var(--h2_typography-font-weight);--awb-caption-title-font-style:var(--h2_typography-font-style);--awb-caption-title-size:var(--h2_typography-font-size);--awb-caption-title-transform:var(--h2_typography-text-transform);--awb-caption-title-line-height:var(--h2_typography-line-height);--awb-caption-title-letter-spacing:var(--h2_typography-letter-spacing);\"><span class=\" fusion-imageframe imageframe-none imageframe-14 hover-type-none\"><img decoding=\"async\" width=\"452\" height=\"660\" title=\"M11-mapa-i-guia-excursionista-la-serrella-portada\" src=\"https:\/\/eltossalcartografies.com\/wp-content\/uploads\/2020\/04\/M11-mapa-i-guia-excursionista-la-serrella-portada-1.jpg\" alt class=\"img-responsive wp-image-20590\" srcset=\"https:\/\/eltossalcartografies.com\/wp-content\/uploads\/2020\/04\/M11-mapa-i-guia-excursionista-la-serrella-portada-1-200x292.jpg 200w, https:\/\/eltossalcartografies.com\/wp-content\/uploads\/2020\/04\/M11-mapa-i-guia-excursionista-la-serrella-portada-1-400x584.jpg 400w, https:\/\/eltossalcartografies.com\/wp-content\/uploads\/2020\/04\/M11-mapa-i-guia-excursionista-la-serrella-portada-1.jpg 452w\" sizes=\"(max-width: 800px) 100vw, 452px\" \/><\/span><\/div><div class=\"fusion-clearfix\"><\/div><\/div><\/div><div class=\"fusion-layout-column fusion_builder_column_inner fusion-builder-nested-column-27 fusion_builder_column_inner_1_2 1_2 fusion-one-half fusion-column-last\" style=\"--awb-bg-size:cover;width:50%;width:calc(50% - ( ( 4% ) * 0.5 ) );\"><div class=\"fusion-column-wrapper fusion-column-has-shadow fusion-flex-column-wrapper-legacy\"><div class=\"fusion-text fusion-text-15\"><h4>Mapa i guia excursionista<\/h4>\n<h3>La Serrella<\/h3>\n<div class=\"fecha_publicacion\">Data de publicaci\u00f3: 2009-04-01<\/div>\n<div class=\"escala\">Escala: 1:20.000<\/div>\n<div class=\"precio\">9,00\u20ac<\/div>\n<\/div><div class=\"fusion-clearfix\"><\/div><\/div><\/div><\/div><div class=\"fusion-clearfix\"><\/div><\/div><\/div>\n<div class=\"fusion-layout-column fusion_builder_column fusion-builder-column-15 fusion_builder_column_1_4 1_4 fusion-one-fourth fusion-column-inner-bg-wrapper\" style=\"--awb-padding-top:2%;--awb-padding-right:6%;--awb-padding-left:6%;--awb-inner-bg-color:#ffffff;--awb-inner-bg-color-hover:#ffffff;--awb-inner-bg-size:cover;width:25%;width:calc(25% - ( ( 1% + 1% + 1% ) * 0.25 ) );margin-right: 1%;\"><span class=\"fusion-column-inner-bg hover-type-none\"><a class=\"fusion-column-anchor\" href=\"https:\/\/eltossalcartografies.com\/es\/producto\/mapa-i-guia-excursionista-silla-porta-de-l-albufera\/\"><span class=\"fusion-column-inner-bg-image\"><\/span><\/a><\/span><div class=\"fusion-column-wrapper fusion-column-has-shadow fusion-flex-column-wrapper-legacy\"><div class=\"fusion-builder-row fusion-builder-row-inner fusion-row\"><div class=\"fusion-layout-column fusion_builder_column_inner fusion-builder-nested-column-28 fusion_builder_column_inner_1_2 1_2 fusion-one-half fusion-column-first\" style=\"--awb-bg-size:cover;width:50%;width:calc(50% - ( ( 4% ) * 0.5 ) );margin-right: 4%;\"><div class=\"fusion-column-wrapper fusion-column-has-shadow fusion-flex-column-wrapper-legacy\"><div class=\"fusion-image-element in-legacy-container\" style=\"--awb-caption-title-font-family:var(--h2_typography-font-family);--awb-caption-title-font-weight:var(--h2_typography-font-weight);--awb-caption-title-font-style:var(--h2_typography-font-style);--awb-caption-title-size:var(--h2_typography-font-size);--awb-caption-title-transform:var(--h2_typography-text-transform);--awb-caption-title-line-height:var(--h2_typography-line-height);--awb-caption-title-letter-spacing:var(--h2_typography-letter-spacing);\"><span class=\" fusion-imageframe imageframe-none imageframe-15 hover-type-none\"><img decoding=\"async\" width=\"205\" height=\"300\" title=\"M12 01 mapa i guia excursionista silla porta de l albufera\" src=\"https:\/\/eltossalcartografies.com\/wp-content\/uploads\/2020\/04\/M12-01-mapa-i-guia-excursionista-silla-porta-de-l-albufera-205x300.jpg\" alt class=\"img-responsive wp-image-22005\" srcset=\"https:\/\/eltossalcartografies.com\/wp-content\/uploads\/2020\/04\/M12-01-mapa-i-guia-excursionista-silla-porta-de-l-albufera-200x292.jpg 200w, https:\/\/eltossalcartografies.com\/wp-content\/uploads\/2020\/04\/M12-01-mapa-i-guia-excursionista-silla-porta-de-l-albufera-400x585.jpg 400w, https:\/\/eltossalcartografies.com\/wp-content\/uploads\/2020\/04\/M12-01-mapa-i-guia-excursionista-silla-porta-de-l-albufera-600x877.jpg 600w, https:\/\/eltossalcartografies.com\/wp-content\/uploads\/2020\/04\/M12-01-mapa-i-guia-excursionista-silla-porta-de-l-albufera-800x1169.jpg 800w, https:\/\/eltossalcartografies.com\/wp-content\/uploads\/2020\/04\/M12-01-mapa-i-guia-excursionista-silla-porta-de-l-albufera.jpg 821w\" sizes=\"(max-width: 800px) 100vw, 600px\" \/><\/span><\/div><div class=\"fusion-clearfix\"><\/div><\/div><\/div><div class=\"fusion-layout-column fusion_builder_column_inner fusion-builder-nested-column-29 fusion_builder_column_inner_1_2 1_2 fusion-one-half fusion-column-last\" style=\"--awb-bg-size:cover;width:50%;width:calc(50% - ( ( 4% ) * 0.5 ) );\"><div class=\"fusion-column-wrapper fusion-column-has-shadow fusion-flex-column-wrapper-legacy\"><div class=\"fusion-text fusion-text-16\" style=\"--awb-content-alignment:left;\"><h4>Mapa i guia excursionista<\/h4>\n<h3>Silla, porta de l\u2019Albufera<\/h3>\n<div class=\"fecha_publicacion\">Data de publicaci\u00f3: 2011-01-01<\/div>\n<div class=\"escala\">Escala: 1:15.000<\/div>\n<div class=\"precio\">6,00\u20ac<\/div>\n<\/div><div class=\"fusion-clearfix\"><\/div><\/div><\/div><\/div><div class=\"fusion-clearfix\"><\/div><\/div><\/div>\n<div class=\"fusion-layout-column fusion_builder_column fusion-builder-column-16 fusion_builder_column_1_4 1_4 fusion-one-fourth fusion-column-last fusion-column-inner-bg-wrapper\" style=\"--awb-padding-top:2%;--awb-padding-right:6%;--awb-padding-left:6%;--awb-inner-bg-color:#ffffff;--awb-inner-bg-color-hover:#ffffff;--awb-inner-bg-size:cover;width:25%;width:calc(25% - ( ( 1% + 1% + 1% ) * 0.25 ) );\" data-scroll-devices=\"small-visibility,medium-visibility,large-visibility\"><span class=\"fusion-column-inner-bg hover-type-none\"><a class=\"fusion-column-anchor\" href=\"https:\/\/eltossalcartografies.com\/es\/producto\/mapa-del-termino-municipal-de-vall-de-almonacid\/\"><span class=\"fusion-column-inner-bg-image\"><\/span><\/a><\/span><div class=\"fusion-column-wrapper fusion-column-has-shadow fusion-flex-column-wrapper-legacy\"><div class=\"fusion-builder-row fusion-builder-row-inner fusion-row\"><div class=\"fusion-layout-column fusion_builder_column_inner fusion-builder-nested-column-30 fusion_builder_column_inner_1_2 1_2 fusion-one-half fusion-column-first\" style=\"--awb-bg-size:cover;width:50%;width:calc(50% - ( ( 4% ) * 0.5 ) );margin-right: 4%;\"><div class=\"fusion-column-wrapper fusion-column-has-shadow fusion-flex-column-wrapper-legacy\"><div class=\"fusion-image-element in-legacy-container\" style=\"--awb-caption-title-font-family:var(--h2_typography-font-family);--awb-caption-title-font-weight:var(--h2_typography-font-weight);--awb-caption-title-font-style:var(--h2_typography-font-style);--awb-caption-title-size:var(--h2_typography-font-size);--awb-caption-title-transform:var(--h2_typography-text-transform);--awb-caption-title-line-height:var(--h2_typography-line-height);--awb-caption-title-letter-spacing:var(--h2_typography-letter-spacing);\"><span class=\" fusion-imageframe imageframe-none imageframe-16 hover-type-none\"><img decoding=\"async\" width=\"165\" height=\"300\" title=\"Portada\" src=\"https:\/\/eltossalcartografies.com\/wp-content\/uploads\/2024\/08\/Portada-165x300.jpg\" alt class=\"img-responsive wp-image-26128\" srcset=\"https:\/\/eltossalcartografies.com\/wp-content\/uploads\/2024\/08\/Portada-200x365.jpg 200w, https:\/\/eltossalcartografies.com\/wp-content\/uploads\/2024\/08\/Portada-400x729.jpg 400w, https:\/\/eltossalcartografies.com\/wp-content\/uploads\/2024\/08\/Portada-600x1094.jpg 600w, https:\/\/eltossalcartografies.com\/wp-content\/uploads\/2024\/08\/Portada-800x1458.jpg 800w, https:\/\/eltossalcartografies.com\/wp-content\/uploads\/2024\/08\/Portada-1200x2187.jpg 1200w, https:\/\/eltossalcartografies.com\/wp-content\/uploads\/2024\/08\/Portada.jpg 1353w\" sizes=\"(max-width: 800px) 100vw, 600px\" \/><\/span><\/div><div class=\"fusion-clearfix\"><\/div><\/div><\/div><div class=\"fusion-layout-column fusion_builder_column_inner fusion-builder-nested-column-31 fusion_builder_column_inner_1_2 1_2 fusion-one-half fusion-column-last\" style=\"--awb-bg-size:cover;width:50%;width:calc(50% - ( ( 4% ) * 0.5 ) );\"><div class=\"fusion-column-wrapper fusion-column-has-shadow fusion-flex-column-wrapper-legacy\"><div class=\"fusion-text fusion-text-17\"><h4>Mapa de t\u00e9rmino municipal<\/h4>\n<h3>Vall de Almonacid<\/h3>\n<div class=\"fecha_publicacion\">Fecha de publicaci\u00f3n: 2024-07-01<\/div>\n<div class=\"escala\">Escala: 1:15.000<\/div>\n<div class=\"precio\">6,00\u20ac<\/div>\n<\/div><div class=\"fusion-clearfix\"><\/div><\/div><\/div><\/div><div class=\"fusion-clearfix\"><\/div><\/div><\/div><\/div><\/div><div class=\"fusion-fullwidth fullwidth-box fusion-builder-row-6 nonhundred-percent-fullwidth non-hundred-percent-height-scrolling fusion-equal-height-columns mapes-inici\" style=\"--awb-border-radius-top-left:0px;--awb-border-radius-top-right:0px;--awb-border-radius-bottom-right:0px;--awb-border-radius-bottom-left:0px;--awb-padding-top:0px;--awb-padding-right:0px;--awb-padding-bottom:0px;--awb-padding-left:0px;--awb-margin-top:0px;--awb-margin-bottom:0px;--awb-background-color:rgba(255,255,255,0);--awb-flex-wrap:wrap;\" ><div class=\"fusion-builder-row fusion-row\"><div class=\"fusion-layout-column fusion_builder_column fusion-builder-column-17 fusion_builder_column_1_4 1_4 fusion-one-fourth fusion-column-first fusion-column-inner-bg-wrapper\" style=\"--awb-padding-top:2%;--awb-padding-right:6%;--awb-padding-left:6%;--awb-inner-bg-color:#ffffff;--awb-inner-bg-color-hover:#ffffff;--awb-inner-bg-size:cover;width:25%;width:calc(25% - ( ( 1% + 1% + 1% ) * 0.25 ) );margin-right: 1%;\" data-scroll-devices=\"small-visibility,medium-visibility,large-visibility\"><span class=\"fusion-column-inner-bg hover-type-none\"><a class=\"fusion-column-anchor\" href=\"https:\/\/eltossalcartografies.com\/es\/producte\/mapa-del-termino-municipal-de-castell-de-cabres\/\"><span class=\"fusion-column-inner-bg-image\"><\/span><\/a><\/span><div class=\"fusion-column-wrapper fusion-column-has-shadow fusion-flex-column-wrapper-legacy\"><div class=\"fusion-builder-row fusion-builder-row-inner fusion-row\"><div class=\"fusion-layout-column fusion_builder_column_inner fusion-builder-nested-column-32 fusion_builder_column_inner_1_2 1_2 fusion-one-half fusion-column-first\" style=\"--awb-bg-size:cover;width:50%;width:calc(50% - ( ( 4% ) * 0.5 ) );margin-right: 4%;\"><div class=\"fusion-column-wrapper fusion-column-has-shadow fusion-flex-column-wrapper-legacy\"><div class=\"fusion-image-element in-legacy-container\" style=\"--awb-caption-title-font-family:var(--h2_typography-font-family);--awb-caption-title-font-weight:var(--h2_typography-font-weight);--awb-caption-title-font-style:var(--h2_typography-font-style);--awb-caption-title-size:var(--h2_typography-font-size);--awb-caption-title-transform:var(--h2_typography-text-transform);--awb-caption-title-line-height:var(--h2_typography-line-height);--awb-caption-title-letter-spacing:var(--h2_typography-letter-spacing);\"><span class=\" fusion-imageframe imageframe-none imageframe-17 hover-type-none\"><img decoding=\"async\" width=\"165\" height=\"300\" title=\"CASTELL DE CABRES_protada_w\" src=\"https:\/\/eltossalcartografies.com\/wp-content\/uploads\/2023\/09\/CASTELL-DE-CABRES_protada_w-165x300.jpg\" alt class=\"img-responsive wp-image-25746\" srcset=\"https:\/\/eltossalcartografies.com\/wp-content\/uploads\/2023\/09\/CASTELL-DE-CABRES_protada_w-200x364.jpg 200w, https:\/\/eltossalcartografies.com\/wp-content\/uploads\/2023\/09\/CASTELL-DE-CABRES_protada_w-400x728.jpg 400w, https:\/\/eltossalcartografies.com\/wp-content\/uploads\/2023\/09\/CASTELL-DE-CABRES_protada_w-600x1091.jpg 600w, https:\/\/eltossalcartografies.com\/wp-content\/uploads\/2023\/09\/CASTELL-DE-CABRES_protada_w-800x1455.jpg 800w, https:\/\/eltossalcartografies.com\/wp-content\/uploads\/2023\/09\/CASTELL-DE-CABRES_protada_w-1200x2183.jpg 1200w, https:\/\/eltossalcartografies.com\/wp-content\/uploads\/2023\/09\/CASTELL-DE-CABRES_protada_w.jpg 1370w\" sizes=\"(max-width: 800px) 100vw, 600px\" \/><\/span><\/div><div class=\"fusion-clearfix\"><\/div><\/div><\/div><div class=\"fusion-layout-column fusion_builder_column_inner fusion-builder-nested-column-33 fusion_builder_column_inner_1_2 1_2 fusion-one-half fusion-column-last\" style=\"--awb-bg-size:cover;width:50%;width:calc(50% - ( ( 4% ) * 0.5 ) );\"><div class=\"fusion-column-wrapper fusion-column-has-shadow fusion-flex-column-wrapper-legacy\"><div class=\"fusion-text fusion-text-18\"><h4>Mapa de t\u00e9rmino municipal<\/h4>\n<h3>Castell de Cabres<\/h3>\n<div class=\"fecha_publicacion\">Fecha de publicaci\u00f3n: 2023-04-01<\/div>\n<div class=\"escala\">Escala: 1:25.000<\/div>\n<div class=\"precio\">6,00\u20ac<\/div>\n<\/div><div class=\"fusion-clearfix\"><\/div><\/div><\/div><\/div><div class=\"fusion-clearfix\"><\/div><\/div><\/div><div class=\"fusion-layout-column fusion_builder_column fusion-builder-column-18 fusion_builder_column_1_4 1_4 fusion-one-fourth fusion-column-inner-bg-wrapper\" style=\"--awb-padding-top:2%;--awb-padding-right:6%;--awb-padding-left:6%;--awb-inner-bg-color:#ffffff;--awb-inner-bg-color-hover:#ffffff;--awb-inner-bg-size:cover;width:25%;width:calc(25% - ( ( 1% + 1% + 1% ) * 0.25 ) );margin-right: 1%;\"><span class=\"fusion-column-inner-bg hover-type-none\"><a class=\"fusion-column-anchor\" href=\"https:\/\/eltossalcartografies.com\/es\/producto\/mapa-del-termino-municipal-de-borriol\/\"><span class=\"fusion-column-inner-bg-image\"><\/span><\/a><\/span><div class=\"fusion-column-wrapper fusion-column-has-shadow fusion-flex-column-wrapper-legacy\"><div class=\"fusion-builder-row fusion-builder-row-inner fusion-row\"><div class=\"fusion-layout-column fusion_builder_column_inner fusion-builder-nested-column-34 fusion_builder_column_inner_1_2 1_2 fusion-one-half fusion-column-first\" style=\"--awb-bg-size:cover;width:50%;width:calc(50% - ( ( 4% ) * 0.5 ) );margin-right: 4%;\"><div class=\"fusion-column-wrapper fusion-column-has-shadow fusion-flex-column-wrapper-legacy\"><div class=\"fusion-image-element in-legacy-container\" style=\"--awb-caption-title-font-family:var(--h2_typography-font-family);--awb-caption-title-font-weight:var(--h2_typography-font-weight);--awb-caption-title-font-style:var(--h2_typography-font-style);--awb-caption-title-size:var(--h2_typography-font-size);--awb-caption-title-transform:var(--h2_typography-text-transform);--awb-caption-title-line-height:var(--h2_typography-line-height);--awb-caption-title-letter-spacing:var(--h2_typography-letter-spacing);\"><span class=\" fusion-imageframe imageframe-none imageframe-18 hover-type-none\"><img decoding=\"async\" width=\"206\" height=\"300\" title=\"Mapa_Borriol_PORTADA\" src=\"https:\/\/eltossalcartografies.com\/wp-content\/uploads\/2021\/04\/Mapa_Borriol_PORTADA-206x300.jpg\" alt class=\"img-responsive wp-image-24701\" srcset=\"https:\/\/eltossalcartografies.com\/wp-content\/uploads\/2021\/04\/Mapa_Borriol_PORTADA-200x291.jpg 200w, https:\/\/eltossalcartografies.com\/wp-content\/uploads\/2021\/04\/Mapa_Borriol_PORTADA-400x582.jpg 400w, https:\/\/eltossalcartografies.com\/wp-content\/uploads\/2021\/04\/Mapa_Borriol_PORTADA-600x872.jpg 600w, https:\/\/eltossalcartografies.com\/wp-content\/uploads\/2021\/04\/Mapa_Borriol_PORTADA-800x1163.jpg 800w, https:\/\/eltossalcartografies.com\/wp-content\/uploads\/2021\/04\/Mapa_Borriol_PORTADA-1200x1745.jpg 1200w, https:\/\/eltossalcartografies.com\/wp-content\/uploads\/2021\/04\/Mapa_Borriol_PORTADA.jpg 1417w\" sizes=\"(max-width: 800px) 100vw, 600px\" \/><\/span><\/div><div class=\"fusion-clearfix\"><\/div><\/div><\/div><div class=\"fusion-layout-column fusion_builder_column_inner fusion-builder-nested-column-35 fusion_builder_column_inner_1_2 1_2 fusion-one-half fusion-column-last\" style=\"--awb-bg-size:cover;width:50%;width:calc(50% - ( ( 4% ) * 0.5 ) );\"><div class=\"fusion-column-wrapper fusion-column-has-shadow fusion-flex-column-wrapper-legacy\"><div class=\"fusion-text fusion-text-19\"><h4>Mapa de t\u00e9rmino municipal<\/h4>\n<h3>Borriol<\/h3>\n<div class=\"fecha_publicacion\">Fecha de publicaci\u00f3n: 2020-12-20<\/div>\n<div class=\"escala\">Escala: 1:15.000<\/div>\n<div class=\"precio\"><\/div>\n<\/div><div class=\"fusion-clearfix\"><\/div><\/div><\/div><\/div><div class=\"fusion-clearfix\"><\/div><\/div><\/div><div class=\"fusion-layout-column fusion_builder_column fusion-builder-column-19 fusion_builder_column_1_4 1_4 fusion-one-fourth fusion-column-inner-bg-wrapper\" style=\"--awb-padding-top:2%;--awb-padding-right:6%;--awb-padding-left:6%;--awb-inner-bg-color:#ffffff;--awb-inner-bg-color-hover:#ffffff;--awb-inner-bg-size:cover;width:25%;width:calc(25% - ( ( 1% + 1% + 1% ) * 0.25 ) );margin-right: 1%;\"><span class=\"fusion-column-inner-bg hover-type-none\"><a class=\"fusion-column-anchor\" href=\"https:\/\/eltossalcartografies.com\/es\/producto\/mapa-del-termino-municipal-de-la-barraca-daigues-vives\/\"><span class=\"fusion-column-inner-bg-image\"><\/span><\/a><\/span><div class=\"fusion-column-wrapper fusion-column-has-shadow fusion-flex-column-wrapper-legacy\"><div class=\"fusion-builder-row fusion-builder-row-inner fusion-row\"><div class=\"fusion-layout-column fusion_builder_column_inner fusion-builder-nested-column-36 fusion_builder_column_inner_1_2 1_2 fusion-one-half fusion-column-first\" style=\"--awb-bg-size:cover;width:50%;width:calc(50% - ( ( 4% ) * 0.5 ) );margin-right: 4%;\"><div class=\"fusion-column-wrapper fusion-column-has-shadow fusion-flex-column-wrapper-legacy\"><div class=\"fusion-image-element in-legacy-container\" style=\"--awb-caption-title-font-family:var(--h2_typography-font-family);--awb-caption-title-font-weight:var(--h2_typography-font-weight);--awb-caption-title-font-style:var(--h2_typography-font-style);--awb-caption-title-size:var(--h2_typography-font-size);--awb-caption-title-transform:var(--h2_typography-text-transform);--awb-caption-title-line-height:var(--h2_typography-line-height);--awb-caption-title-letter-spacing:var(--h2_typography-letter-spacing);\"><span class=\" fusion-imageframe imageframe-none imageframe-19 hover-type-none\"><img decoding=\"async\" width=\"214\" height=\"300\" title=\"Portada_laBarraca\" src=\"https:\/\/eltossalcartografies.com\/wp-content\/uploads\/2021\/04\/Portada_laBarraca-214x300.jpg\" alt class=\"img-responsive wp-image-24638\" srcset=\"https:\/\/eltossalcartografies.com\/wp-content\/uploads\/2021\/04\/Portada_laBarraca-200x280.jpg 200w, https:\/\/eltossalcartografies.com\/wp-content\/uploads\/2021\/04\/Portada_laBarraca-400x560.jpg 400w, https:\/\/eltossalcartografies.com\/wp-content\/uploads\/2021\/04\/Portada_laBarraca-600x840.jpg 600w, https:\/\/eltossalcartografies.com\/wp-content\/uploads\/2021\/04\/Portada_laBarraca-800x1119.jpg 800w, https:\/\/eltossalcartografies.com\/wp-content\/uploads\/2021\/04\/Portada_laBarraca-1200x1679.jpg 1200w, https:\/\/eltossalcartografies.com\/wp-content\/uploads\/2021\/04\/Portada_laBarraca.jpg 1488w\" sizes=\"(max-width: 800px) 100vw, 600px\" \/><\/span><\/div><div class=\"fusion-clearfix\"><\/div><\/div><\/div><div class=\"fusion-layout-column fusion_builder_column_inner fusion-builder-nested-column-37 fusion_builder_column_inner_1_2 1_2 fusion-one-half fusion-column-last\" style=\"--awb-bg-size:cover;width:50%;width:calc(50% - ( ( 4% ) * 0.5 ) );\"><div class=\"fusion-column-wrapper fusion-column-has-shadow fusion-flex-column-wrapper-legacy\"><div class=\"fusion-text fusion-text-20\"><h4>Mapa de t\u00e9rmino municipal<\/h4>\n<h3>la Barraca d&#8217;Aig\u00fces Vives<\/h3>\n<div class=\"fecha_publicacion\">Data de publicaci\u00f3: 2020-12-01<\/div>\n<div class=\"escala\">Escala: 1:10.000<\/div>\n<div class=\"precio\">6,00\u20ac<\/div>\n<\/div><div class=\"fusion-clearfix\"><\/div><\/div><\/div><\/div><div class=\"fusion-clearfix\"><\/div><\/div><\/div><div class=\"fusion-layout-column fusion_builder_column fusion-builder-column-20 fusion_builder_column_1_4 1_4 fusion-one-fourth fusion-column-last fusion-column-inner-bg-wrapper\" style=\"--awb-padding-top:2%;--awb-padding-right:6%;--awb-padding-left:6%;--awb-inner-bg-color:#ffffff;--awb-inner-bg-color-hover:#ffffff;--awb-inner-bg-size:cover;width:25%;width:calc(25% - ( ( 1% + 1% + 1% ) * 0.25 ) );\"><span class=\"fusion-column-inner-bg hover-type-none\"><a class=\"fusion-column-anchor\" href=\"https:\/\/eltossalcartografies.com\/es\/producto\/loriguilla-mapa-del-antiguo-termino-municipal\/\"><span class=\"fusion-column-inner-bg-image\"><\/span><\/a><\/span><div class=\"fusion-column-wrapper fusion-column-has-shadow fusion-flex-column-wrapper-legacy\"><div class=\"fusion-builder-row fusion-builder-row-inner fusion-row\"><div class=\"fusion-layout-column fusion_builder_column_inner fusion-builder-nested-column-38 fusion_builder_column_inner_1_2 1_2 fusion-one-half fusion-column-first\" style=\"--awb-bg-size:cover;width:50%;width:calc(50% - ( ( 4% ) * 0.5 ) );margin-right: 4%;\"><div class=\"fusion-column-wrapper fusion-column-has-shadow fusion-flex-column-wrapper-legacy\"><div class=\"fusion-image-element in-legacy-container\" style=\"--awb-caption-title-font-family:var(--h2_typography-font-family);--awb-caption-title-font-weight:var(--h2_typography-font-weight);--awb-caption-title-font-style:var(--h2_typography-font-style);--awb-caption-title-size:var(--h2_typography-font-size);--awb-caption-title-transform:var(--h2_typography-text-transform);--awb-caption-title-line-height:var(--h2_typography-line-height);--awb-caption-title-letter-spacing:var(--h2_typography-letter-spacing);\"><span class=\" fusion-imageframe imageframe-none imageframe-20 hover-type-none\"><img decoding=\"async\" width=\"569\" height=\"1100\" title=\"01 Loriguilla. Mapa del antic terme municipal\" src=\"https:\/\/eltossalcartografies.com\/wp-content\/uploads\/2020\/07\/01-Loriguilla.-Mapa-del-antic-terme-municipal-1.jpg\" alt class=\"img-responsive wp-image-23349\" srcset=\"https:\/\/eltossalcartografies.com\/wp-content\/uploads\/2020\/07\/01-Loriguilla.-Mapa-del-antic-terme-municipal-1-200x387.jpg 200w, https:\/\/eltossalcartografies.com\/wp-content\/uploads\/2020\/07\/01-Loriguilla.-Mapa-del-antic-terme-municipal-1-400x773.jpg 400w, https:\/\/eltossalcartografies.com\/wp-content\/uploads\/2020\/07\/01-Loriguilla.-Mapa-del-antic-terme-municipal-1.jpg 569w\" sizes=\"(max-width: 800px) 100vw, 569px\" \/><\/span><\/div><div class=\"fusion-clearfix\"><\/div><\/div><\/div><div class=\"fusion-layout-column fusion_builder_column_inner fusion-builder-nested-column-39 fusion_builder_column_inner_1_2 1_2 fusion-one-half fusion-column-last\" style=\"--awb-bg-size:cover;width:50%;width:calc(50% - ( ( 4% ) * 0.5 ) );\"><div class=\"fusion-column-wrapper fusion-column-has-shadow fusion-flex-column-wrapper-legacy\"><div class=\"fusion-text fusion-text-21\"><h4>Mapa terme municipal<\/h4>\n<h3>Loriguilla. Mapa del antic terme municipal<\/h3>\n<div class=\"fecha_publicacion\">Fecha de publicaci\u00f3n: 2020-07-20<\/div>\n<div class=\"escala\">Escala: 1:20.000<\/div>\n<div class=\"precio\">6,00\u20ac<\/div>\n<\/div><div class=\"fusion-clearfix\"><\/div><\/div><\/div><\/div><div class=\"fusion-clearfix\"><\/div><\/div><\/div>\n<\/div><\/div><div class=\"fusion-fullwidth fullwidth-box fusion-builder-row-7 nonhundred-percent-fullwidth non-hundred-percent-height-scrolling fusion-equal-height-columns mapes-inici\" style=\"--awb-border-radius-top-left:0px;--awb-border-radius-top-right:0px;--awb-border-radius-bottom-right:0px;--awb-border-radius-bottom-left:0px;--awb-padding-top:0px;--awb-padding-right:0px;--awb-padding-bottom:0px;--awb-padding-left:0px;--awb-margin-top:0px;--awb-margin-bottom:0px;--awb-background-color:rgba(255,255,255,0);--awb-flex-wrap:wrap;\" ><div class=\"fusion-builder-row fusion-row\"><div class=\"fusion-layout-column fusion_builder_column fusion-builder-column-21 fusion_builder_column_1_4 1_4 fusion-one-fourth fusion-column-first fusion-column-inner-bg-wrapper\" style=\"--awb-padding-top:2%;--awb-padding-right:6%;--awb-padding-left:6%;--awb-inner-bg-color:#ffffff;--awb-inner-bg-color-hover:#ffffff;--awb-inner-bg-size:cover;width:25%;width:calc(25% - ( ( 1% + 1% + 1% ) * 0.25 ) );margin-right: 1%;\"><span class=\"fusion-column-inner-bg hover-type-none\"><a class=\"fusion-column-anchor\" href=\"https:\/\/eltossalcartografies.com\/es\/producto\/mapa-de-termino-municipal-de-l-alcora\/\"><span class=\"fusion-column-inner-bg-image\"><\/span><\/a><\/span><div class=\"fusion-column-wrapper fusion-column-has-shadow fusion-flex-column-wrapper-legacy\"><div class=\"fusion-builder-row fusion-builder-row-inner fusion-row\"><div class=\"fusion-layout-column fusion_builder_column_inner fusion-builder-nested-column-40 fusion_builder_column_inner_1_2 1_2 fusion-one-half fusion-column-first\" style=\"--awb-bg-size:cover;width:50%;width:calc(50% - ( ( 4% ) * 0.5 ) );margin-right: 4%;\"><div class=\"fusion-column-wrapper fusion-column-has-shadow fusion-flex-column-wrapper-legacy\"><div class=\"fusion-image-element in-legacy-container\" style=\"--awb-caption-title-font-family:var(--h2_typography-font-family);--awb-caption-title-font-weight:var(--h2_typography-font-weight);--awb-caption-title-font-style:var(--h2_typography-font-style);--awb-caption-title-size:var(--h2_typography-font-size);--awb-caption-title-transform:var(--h2_typography-text-transform);--awb-caption-title-line-height:var(--h2_typography-line-height);--awb-caption-title-letter-spacing:var(--h2_typography-letter-spacing);\"><span class=\" fusion-imageframe imageframe-none imageframe-21 hover-type-none\"><img decoding=\"async\" width=\"747\" height=\"1139\" title=\"m20 mapa de terme municipal alcora portada\" src=\"https:\/\/eltossalcartografies.com\/wp-content\/uploads\/2020\/04\/m20-mapa-de-terme-municipal-alcora-portada.jpg\" alt class=\"img-responsive wp-image-20600\" srcset=\"https:\/\/eltossalcartografies.com\/wp-content\/uploads\/2020\/04\/m20-mapa-de-terme-municipal-alcora-portada-200x305.jpg 200w, https:\/\/eltossalcartografies.com\/wp-content\/uploads\/2020\/04\/m20-mapa-de-terme-municipal-alcora-portada-400x610.jpg 400w, https:\/\/eltossalcartografies.com\/wp-content\/uploads\/2020\/04\/m20-mapa-de-terme-municipal-alcora-portada-600x915.jpg 600w, https:\/\/eltossalcartografies.com\/wp-content\/uploads\/2020\/04\/m20-mapa-de-terme-municipal-alcora-portada.jpg 747w\" sizes=\"(max-width: 800px) 100vw, 600px\" \/><\/span><\/div><div class=\"fusion-clearfix\"><\/div><\/div><\/div><div class=\"fusion-layout-column fusion_builder_column_inner fusion-builder-nested-column-41 fusion_builder_column_inner_1_2 1_2 fusion-one-half fusion-column-last\" style=\"--awb-bg-size:cover;width:50%;width:calc(50% - ( ( 4% ) * 0.5 ) );\"><div class=\"fusion-column-wrapper fusion-column-has-shadow fusion-flex-column-wrapper-legacy\"><div class=\"fusion-text fusion-text-22\"><h4>Mapa de terme municipal<\/h4>\n<h3>L\u2019 Alcora<\/h3>\n<div class=\"fecha_publicacion\">Data de reedici\u00f3: 2020-05-01<\/div>\n<div class=\"escala\">Escala: 1:25.000<\/div>\n<div class=\"precio\">6,00\u20ac<\/div>\n<\/div><div class=\"fusion-clearfix\"><\/div><\/div><\/div><\/div><div class=\"fusion-clearfix\"><\/div><\/div><\/div>\n<div class=\"fusion-layout-column fusion_builder_column fusion-builder-column-22 fusion_builder_column_1_4 1_4 fusion-one-fourth fusion-column-inner-bg-wrapper\" style=\"--awb-padding-top:2%;--awb-padding-right:6%;--awb-padding-left:6%;--awb-inner-bg-color:#ffffff;--awb-inner-bg-color-hover:#ffffff;--awb-inner-bg-size:cover;width:25%;width:calc(25% - ( ( 1% + 1% + 1% ) * 0.25 ) );margin-right: 1%;\"><span class=\"fusion-column-inner-bg hover-type-none\"><a class=\"fusion-column-anchor\" href=\"https:\/\/eltossalcartografies.com\/es\/producto\/mapa-termino-municipal-alzira\/\"><span class=\"fusion-column-inner-bg-image\"><\/span><\/a><\/span><div class=\"fusion-column-wrapper fusion-column-has-shadow fusion-flex-column-wrapper-legacy\"><div class=\"fusion-builder-row fusion-builder-row-inner fusion-row\"><div class=\"fusion-layout-column fusion_builder_column_inner fusion-builder-nested-column-42 fusion_builder_column_inner_1_2 1_2 fusion-one-half fusion-column-first\" style=\"--awb-bg-size:cover;width:50%;width:calc(50% - ( ( 4% ) * 0.5 ) );margin-right: 4%;\"><div class=\"fusion-column-wrapper fusion-column-has-shadow fusion-flex-column-wrapper-legacy\"><div class=\"fusion-image-element in-legacy-container\" style=\"--awb-caption-title-font-family:var(--h2_typography-font-family);--awb-caption-title-font-weight:var(--h2_typography-font-weight);--awb-caption-title-font-style:var(--h2_typography-font-style);--awb-caption-title-size:var(--h2_typography-font-size);--awb-caption-title-transform:var(--h2_typography-text-transform);--awb-caption-title-line-height:var(--h2_typography-line-height);--awb-caption-title-letter-spacing:var(--h2_typography-letter-spacing);\"><span class=\" fusion-imageframe imageframe-none imageframe-22 hover-type-none\"><img decoding=\"async\" width=\"600\" height=\"1058\" title=\"m13-mapa-i-guia-alzira-portada\" src=\"https:\/\/eltossalcartografies.com\/wp-content\/uploads\/2020\/04\/m13-mapa-i-guia-alzira-portada.jpg\" alt class=\"img-responsive wp-image-20591\" srcset=\"https:\/\/eltossalcartografies.com\/wp-content\/uploads\/2020\/04\/m13-mapa-i-guia-alzira-portada-200x353.jpg 200w, https:\/\/eltossalcartografies.com\/wp-content\/uploads\/2020\/04\/m13-mapa-i-guia-alzira-portada-400x705.jpg 400w, https:\/\/eltossalcartografies.com\/wp-content\/uploads\/2020\/04\/m13-mapa-i-guia-alzira-portada.jpg 600w\" sizes=\"(max-width: 800px) 100vw, 600px\" \/><\/span><\/div><div class=\"fusion-clearfix\"><\/div><\/div><\/div><div class=\"fusion-layout-column fusion_builder_column_inner fusion-builder-nested-column-43 fusion_builder_column_inner_1_2 1_2 fusion-one-half fusion-column-last\" style=\"--awb-bg-size:cover;width:50%;width:calc(50% - ( ( 4% ) * 0.5 ) );\"><div class=\"fusion-column-wrapper fusion-column-has-shadow fusion-flex-column-wrapper-legacy\"><div class=\"fusion-text fusion-text-23\"><h4>Mapa terme municipal<\/h4>\n<h3>Alzira<\/h3>\n<div class=\"fecha_publicacion\">Data de publicaci\u00f3: 2019-3-1<\/div>\n<div class=\"escala\">Escala: 1:15.000<\/div>\n<div class=\"precio\">6,00\u20ac<\/div>\n<\/div><div class=\"fusion-clearfix\"><\/div><\/div><\/div><\/div><div class=\"fusion-clearfix\"><\/div><\/div><\/div>\n<div class=\"fusion-layout-column fusion_builder_column fusion-builder-column-23 fusion_builder_column_1_4 1_4 fusion-one-fourth fusion-column-inner-bg-wrapper\" style=\"--awb-padding-top:2%;--awb-padding-right:6%;--awb-padding-left:6%;--awb-inner-bg-color:#ffffff;--awb-inner-bg-color-hover:#ffffff;--awb-inner-bg-size:cover;width:25%;width:calc(25% - ( ( 1% + 1% + 1% ) * 0.25 ) );margin-right: 1%;\"><span class=\"fusion-column-inner-bg hover-type-none\"><a class=\"fusion-column-anchor\" href=\"https:\/\/eltossalcartografies.com\/es\/producto\/mapa-de-termino-municipal-carcaixent\/\"><span class=\"fusion-column-inner-bg-image\"><\/span><\/a><\/span><div class=\"fusion-column-wrapper fusion-column-has-shadow fusion-flex-column-wrapper-legacy\"><div class=\"fusion-builder-row fusion-builder-row-inner fusion-row\"><div class=\"fusion-layout-column fusion_builder_column_inner fusion-builder-nested-column-44 fusion_builder_column_inner_1_2 1_2 fusion-one-half fusion-column-first\" style=\"--awb-bg-size:cover;width:50%;width:calc(50% - ( ( 4% ) * 0.5 ) );margin-right: 4%;\"><div class=\"fusion-column-wrapper fusion-column-has-shadow fusion-flex-column-wrapper-legacy\"><div class=\"fusion-image-element in-legacy-container\" style=\"--awb-caption-title-font-family:var(--h2_typography-font-family);--awb-caption-title-font-weight:var(--h2_typography-font-weight);--awb-caption-title-font-style:var(--h2_typography-font-style);--awb-caption-title-size:var(--h2_typography-font-size);--awb-caption-title-transform:var(--h2_typography-text-transform);--awb-caption-title-line-height:var(--h2_typography-line-height);--awb-caption-title-letter-spacing:var(--h2_typography-letter-spacing);\"><span class=\" fusion-imageframe imageframe-none imageframe-23 hover-type-none\"><img decoding=\"async\" width=\"808\" height=\"1100\" title=\"m14 mapa de terme municipal carcaixent portada\" src=\"https:\/\/eltossalcartografies.com\/wp-content\/uploads\/2020\/04\/m14-mapa-de-terme-municipal-carcaixent-portada-1.jpg\" alt class=\"img-responsive wp-image-20606\" srcset=\"https:\/\/eltossalcartografies.com\/wp-content\/uploads\/2020\/04\/m14-mapa-de-terme-municipal-carcaixent-portada-1-200x272.jpg 200w, https:\/\/eltossalcartografies.com\/wp-content\/uploads\/2020\/04\/m14-mapa-de-terme-municipal-carcaixent-portada-1-400x545.jpg 400w, https:\/\/eltossalcartografies.com\/wp-content\/uploads\/2020\/04\/m14-mapa-de-terme-municipal-carcaixent-portada-1-600x817.jpg 600w, https:\/\/eltossalcartografies.com\/wp-content\/uploads\/2020\/04\/m14-mapa-de-terme-municipal-carcaixent-portada-1-800x1089.jpg 800w, https:\/\/eltossalcartografies.com\/wp-content\/uploads\/2020\/04\/m14-mapa-de-terme-municipal-carcaixent-portada-1.jpg 808w\" sizes=\"(max-width: 800px) 100vw, 600px\" \/><\/span><\/div><div class=\"fusion-clearfix\"><\/div><\/div><\/div><div class=\"fusion-layout-column fusion_builder_column_inner fusion-builder-nested-column-45 fusion_builder_column_inner_1_2 1_2 fusion-one-half fusion-column-last\" style=\"--awb-bg-size:cover;width:50%;width:calc(50% - ( ( 4% ) * 0.5 ) );\"><div class=\"fusion-column-wrapper fusion-column-has-shadow fusion-flex-column-wrapper-legacy\"><div class=\"fusion-text fusion-text-24\"><h4>Mapa de terme municipal<\/h4>\n<h3>Carcaixent<\/h3>\n<div class=\"fecha_publicacion\">Data de publicaci\u00f3: 2018-01-01<\/div>\n<div class=\"escala\">Escala: 1:15.000<\/div>\n<div class=\"precio\"><\/div>\n<\/div><div class=\"fusion-clearfix\"><\/div><\/div><\/div><\/div><div class=\"fusion-clearfix\"><\/div><\/div><\/div>\n<div class=\"fusion-layout-column fusion_builder_column fusion-builder-column-24 fusion_builder_column_1_4 1_4 fusion-one-fourth fusion-column-last fusion-column-inner-bg-wrapper\" style=\"--awb-padding-top:2%;--awb-padding-right:6%;--awb-padding-left:6%;--awb-inner-bg-color:#ffffff;--awb-inner-bg-color-hover:#ffffff;--awb-inner-bg-size:cover;width:25%;width:calc(25% - ( ( 1% + 1% + 1% ) * 0.25 ) );\"><span class=\"fusion-column-inner-bg hover-type-none\"><a class=\"fusion-column-anchor\" href=\"https:\/\/eltossalcartografies.com\/es\/producto\/mapa-de-termino-municipal-de-teulada\/\"><span class=\"fusion-column-inner-bg-image\"><\/span><\/a><\/span><div class=\"fusion-column-wrapper fusion-column-has-shadow fusion-flex-column-wrapper-legacy\"><div class=\"fusion-builder-row fusion-builder-row-inner fusion-row\"><div class=\"fusion-layout-column fusion_builder_column_inner fusion-builder-nested-column-46 fusion_builder_column_inner_1_2 1_2 fusion-one-half fusion-column-first\" style=\"--awb-bg-size:cover;width:50%;width:calc(50% - ( ( 4% ) * 0.5 ) );margin-right: 4%;\"><div class=\"fusion-column-wrapper fusion-column-has-shadow fusion-flex-column-wrapper-legacy\"><div class=\"fusion-image-element in-legacy-container\" style=\"--awb-caption-title-font-family:var(--h2_typography-font-family);--awb-caption-title-font-weight:var(--h2_typography-font-weight);--awb-caption-title-font-style:var(--h2_typography-font-style);--awb-caption-title-size:var(--h2_typography-font-size);--awb-caption-title-transform:var(--h2_typography-text-transform);--awb-caption-title-line-height:var(--h2_typography-line-height);--awb-caption-title-letter-spacing:var(--h2_typography-letter-spacing);\"><span class=\" fusion-imageframe imageframe-none imageframe-24 hover-type-none\"><img decoding=\"async\" width=\"600\" height=\"1101\" title=\"m15-mapa-de-terme-municipal-teulada-portada\" src=\"https:\/\/eltossalcartografies.com\/wp-content\/uploads\/2020\/04\/m15-mapa-de-terme-municipal-teulada-portada.jpg\" alt class=\"img-responsive wp-image-20593\" srcset=\"https:\/\/eltossalcartografies.com\/wp-content\/uploads\/2020\/04\/m15-mapa-de-terme-municipal-teulada-portada-200x367.jpg 200w, https:\/\/eltossalcartografies.com\/wp-content\/uploads\/2020\/04\/m15-mapa-de-terme-municipal-teulada-portada-400x734.jpg 400w, https:\/\/eltossalcartografies.com\/wp-content\/uploads\/2020\/04\/m15-mapa-de-terme-municipal-teulada-portada.jpg 600w\" sizes=\"(max-width: 800px) 100vw, 600px\" \/><\/span><\/div><div class=\"fusion-clearfix\"><\/div><\/div><\/div><div class=\"fusion-layout-column fusion_builder_column_inner fusion-builder-nested-column-47 fusion_builder_column_inner_1_2 1_2 fusion-one-half fusion-column-last\" style=\"--awb-bg-size:cover;width:50%;width:calc(50% - ( ( 4% ) * 0.5 ) );\"><div class=\"fusion-column-wrapper fusion-column-has-shadow fusion-flex-column-wrapper-legacy\"><div class=\"fusion-text fusion-text-25\"><h4>Mapa de terme municipal<\/h4>\n<h3>Teulada<\/h3>\n<div class=\"fecha_publicacion\">Data de publicaci\u00f3: 2018-02-01<\/div>\n<div class=\"escala\">Escala: 1:10.000<\/div>\n<div class=\"precio\">6,00\u20ac<\/div>\n<\/div><div class=\"fusion-text fusion-text-26\"><h3><span style=\"color: #ffffff;\">Venta de mapes excursionistes<\/span><\/h3>\n<\/div><div class=\"fusion-clearfix\"><\/div><\/div><\/div><\/div><div class=\"fusion-clearfix\"><\/div><\/div><\/div>\n<\/div><\/div><div class=\"fusion-fullwidth fullwidth-box fusion-builder-row-8 nonhundred-percent-fullwidth non-hundred-percent-height-scrolling fusion-equal-height-columns mapes-inici\" style=\"--awb-border-radius-top-left:0px;--awb-border-radius-top-right:0px;--awb-border-radius-bottom-right:0px;--awb-border-radius-bottom-left:0px;--awb-padding-top:0px;--awb-padding-right:0px;--awb-padding-bottom:0px;--awb-padding-left:0px;--awb-margin-top:0px;--awb-margin-bottom:0px;--awb-background-color:rgba(255,255,255,0);--awb-flex-wrap:wrap;\" ><div class=\"fusion-builder-row fusion-row\"><div class=\"fusion-layout-column fusion_builder_column fusion-builder-column-25 fusion_builder_column_1_4 1_4 fusion-one-fourth fusion-column-first fusion-column-inner-bg-wrapper\" style=\"--awb-padding-top:2%;--awb-padding-right:6%;--awb-padding-left:6%;--awb-inner-bg-color:#ffffff;--awb-inner-bg-color-hover:#ffffff;--awb-inner-bg-size:cover;width:25%;width:calc(25% - ( ( 1% + 1% + 1% ) * 0.25 ) );margin-right: 1%;\"><span class=\"fusion-column-inner-bg hover-type-none\"><a class=\"fusion-column-anchor\" href=\"https:\/\/eltossalcartografies.com\/es\/producto\/mapa-de-termino-municipal-la-serra-d-en-galceran\/\"><span class=\"fusion-column-inner-bg-image\"><\/span><\/a><\/span><div class=\"fusion-column-wrapper fusion-column-has-shadow fusion-flex-column-wrapper-legacy\"><div class=\"fusion-builder-row fusion-builder-row-inner fusion-row\"><div class=\"fusion-layout-column fusion_builder_column_inner fusion-builder-nested-column-48 fusion_builder_column_inner_1_2 1_2 fusion-one-half fusion-column-first\" style=\"--awb-bg-size:cover;width:50%;width:calc(50% - ( ( 4% ) * 0.5 ) );margin-right: 4%;\"><div class=\"fusion-column-wrapper fusion-column-has-shadow fusion-flex-column-wrapper-legacy\"><div class=\"fusion-image-element in-legacy-container\" style=\"--awb-caption-title-font-family:var(--h2_typography-font-family);--awb-caption-title-font-weight:var(--h2_typography-font-weight);--awb-caption-title-font-style:var(--h2_typography-font-style);--awb-caption-title-size:var(--h2_typography-font-size);--awb-caption-title-transform:var(--h2_typography-text-transform);--awb-caption-title-line-height:var(--h2_typography-line-height);--awb-caption-title-letter-spacing:var(--h2_typography-letter-spacing);\"><span class=\" fusion-imageframe imageframe-none imageframe-25 hover-type-none\"><img decoding=\"async\" width=\"600\" height=\"1117\" title=\"m16-mapa-terme-municipal-serra-d-en-galceran-portada\" src=\"https:\/\/eltossalcartografies.com\/wp-content\/uploads\/2020\/04\/m16-mapa-terme-municipal-serra-d-en-galceran-portada.jpg\" alt class=\"img-responsive wp-image-20592\" srcset=\"https:\/\/eltossalcartografies.com\/wp-content\/uploads\/2020\/04\/m16-mapa-terme-municipal-serra-d-en-galceran-portada-200x372.jpg 200w, https:\/\/eltossalcartografies.com\/wp-content\/uploads\/2020\/04\/m16-mapa-terme-municipal-serra-d-en-galceran-portada-400x745.jpg 400w, https:\/\/eltossalcartografies.com\/wp-content\/uploads\/2020\/04\/m16-mapa-terme-municipal-serra-d-en-galceran-portada.jpg 600w\" sizes=\"(max-width: 800px) 100vw, 600px\" \/><\/span><\/div><div class=\"fusion-clearfix\"><\/div><\/div><\/div><div class=\"fusion-layout-column fusion_builder_column_inner fusion-builder-nested-column-49 fusion_builder_column_inner_1_2 1_2 fusion-one-half fusion-column-last\" style=\"--awb-bg-size:cover;width:50%;width:calc(50% - ( ( 4% ) * 0.5 ) );\"><div class=\"fusion-column-wrapper fusion-column-has-shadow fusion-flex-column-wrapper-legacy\"><div class=\"fusion-text fusion-text-27\"><h4>Mapa de terme municipal<\/h4>\n<h3>La Serra d\u2019en Galceran<\/h3>\n<div class=\"fecha_publicacion\">Data de reedici\u00f3: 2017<\/div>\n<div class=\"escala\">Escala: 1:20.000<\/div>\n<div class=\"precio\">6,00\u20ac<\/div>\n<\/div><div class=\"fusion-clearfix\"><\/div><\/div><\/div><\/div><div class=\"fusion-clearfix\"><\/div><\/div><\/div>\n<div class=\"fusion-layout-column fusion_builder_column fusion-builder-column-26 fusion_builder_column_1_4 1_4 fusion-one-fourth fusion-column-inner-bg-wrapper\" style=\"--awb-padding-top:2%;--awb-padding-right:6%;--awb-padding-left:6%;--awb-inner-bg-color:#ffffff;--awb-inner-bg-color-hover:#ffffff;--awb-inner-bg-size:cover;width:25%;width:calc(25% - ( ( 1% + 1% + 1% ) * 0.25 ) );margin-right: 1%;\"><span class=\"fusion-column-inner-bg hover-type-none\"><a class=\"fusion-column-anchor\" href=\"https:\/\/eltossalcartografies.com\/es\/producto\/mapa-de-termino-municipal-de-xert\/\"><span class=\"fusion-column-inner-bg-image\"><\/span><\/a><\/span><div class=\"fusion-column-wrapper fusion-column-has-shadow fusion-flex-column-wrapper-legacy\"><div class=\"fusion-builder-row fusion-builder-row-inner fusion-row\"><div class=\"fusion-layout-column fusion_builder_column_inner fusion-builder-nested-column-50 fusion_builder_column_inner_1_2 1_2 fusion-one-half fusion-column-first\" style=\"--awb-bg-size:cover;width:50%;width:calc(50% - ( ( 4% ) * 0.5 ) );margin-right: 4%;\"><div class=\"fusion-column-wrapper fusion-column-has-shadow fusion-flex-column-wrapper-legacy\"><div class=\"fusion-image-element in-legacy-container\" style=\"--awb-caption-title-font-family:var(--h2_typography-font-family);--awb-caption-title-font-weight:var(--h2_typography-font-weight);--awb-caption-title-font-style:var(--h2_typography-font-style);--awb-caption-title-size:var(--h2_typography-font-size);--awb-caption-title-transform:var(--h2_typography-text-transform);--awb-caption-title-line-height:var(--h2_typography-line-height);--awb-caption-title-letter-spacing:var(--h2_typography-letter-spacing);\"><span class=\" fusion-imageframe imageframe-none imageframe-26 hover-type-none\"><img decoding=\"async\" width=\"600\" height=\"1106\" title=\"m17 mapa terme municipal xert portada\" src=\"https:\/\/eltossalcartografies.com\/wp-content\/uploads\/2020\/04\/m17-mapa-terme-municipal-xert-portada.jpg\" alt class=\"img-responsive wp-image-20603\" srcset=\"https:\/\/eltossalcartografies.com\/wp-content\/uploads\/2020\/04\/m17-mapa-terme-municipal-xert-portada-200x369.jpg 200w, https:\/\/eltossalcartografies.com\/wp-content\/uploads\/2020\/04\/m17-mapa-terme-municipal-xert-portada-400x737.jpg 400w, https:\/\/eltossalcartografies.com\/wp-content\/uploads\/2020\/04\/m17-mapa-terme-municipal-xert-portada.jpg 600w\" sizes=\"(max-width: 800px) 100vw, 600px\" \/><\/span><\/div><div class=\"fusion-clearfix\"><\/div><\/div><\/div><div class=\"fusion-layout-column fusion_builder_column_inner fusion-builder-nested-column-51 fusion_builder_column_inner_1_2 1_2 fusion-one-half fusion-column-last\" style=\"--awb-bg-size:cover;width:50%;width:calc(50% - ( ( 4% ) * 0.5 ) );\"><div class=\"fusion-column-wrapper fusion-column-has-shadow fusion-flex-column-wrapper-legacy\"><div class=\"fusion-text fusion-text-28\"><h4>Mapa de terme municipal<\/h4>\n<h3>Xert<\/h3>\n<div class=\"fecha_publicacion\">Data de publicaci\u00f3: 01-07-2014<\/div>\n<div class=\"escala\">Escala: 1:20.000<\/div>\n<div class=\"precio\">6,00\u20ac<\/div>\n<\/div><div class=\"fusion-clearfix\"><\/div><\/div><\/div><\/div><div class=\"fusion-clearfix\"><\/div><\/div><\/div>\n<div class=\"fusion-layout-column fusion_builder_column fusion-builder-column-27 fusion_builder_column_1_4 1_4 fusion-one-fourth fusion-column-inner-bg-wrapper\" style=\"--awb-padding-top:2%;--awb-padding-right:6%;--awb-padding-left:6%;--awb-inner-bg-color:#ffffff;--awb-inner-bg-color-hover:#ffffff;--awb-inner-bg-size:cover;width:25%;width:calc(25% - ( ( 1% + 1% + 1% ) * 0.25 ) );margin-right: 1%;\"><span class=\"fusion-column-inner-bg hover-type-none\"><a class=\"fusion-column-anchor\" href=\"https:\/\/eltossalcartografies.com\/es\/producto\/mapa-de-termino-municipal-de-vilafranca\/\"><span class=\"fusion-column-inner-bg-image\"><\/span><\/a><\/span><div class=\"fusion-column-wrapper fusion-column-has-shadow fusion-flex-column-wrapper-legacy\"><div class=\"fusion-builder-row fusion-builder-row-inner fusion-row\"><div class=\"fusion-layout-column fusion_builder_column_inner fusion-builder-nested-column-52 fusion_builder_column_inner_1_2 1_2 fusion-one-half fusion-column-first\" style=\"--awb-bg-size:cover;width:50%;width:calc(50% - ( ( 4% ) * 0.5 ) );margin-right: 4%;\"><div class=\"fusion-column-wrapper fusion-column-has-shadow fusion-flex-column-wrapper-legacy\"><div class=\"fusion-image-element in-legacy-container\" style=\"--awb-caption-title-font-family:var(--h2_typography-font-family);--awb-caption-title-font-weight:var(--h2_typography-font-weight);--awb-caption-title-font-style:var(--h2_typography-font-style);--awb-caption-title-size:var(--h2_typography-font-size);--awb-caption-title-transform:var(--h2_typography-text-transform);--awb-caption-title-line-height:var(--h2_typography-line-height);--awb-caption-title-letter-spacing:var(--h2_typography-letter-spacing);\"><span class=\" fusion-imageframe imageframe-none imageframe-27 hover-type-none\"><img decoding=\"async\" width=\"695\" height=\"1000\" title=\"m18 Mapa de terme municipal de Vilafranca portada\" src=\"https:\/\/eltossalcartografies.com\/wp-content\/uploads\/2020\/04\/m18-Mapa-de-terme-municipal-de-Vilafranca-portada.jpg\" alt class=\"img-responsive wp-image-20602\" srcset=\"https:\/\/eltossalcartografies.com\/wp-content\/uploads\/2020\/04\/m18-Mapa-de-terme-municipal-de-Vilafranca-portada-200x288.jpg 200w, https:\/\/eltossalcartografies.com\/wp-content\/uploads\/2020\/04\/m18-Mapa-de-terme-municipal-de-Vilafranca-portada-400x576.jpg 400w, https:\/\/eltossalcartografies.com\/wp-content\/uploads\/2020\/04\/m18-Mapa-de-terme-municipal-de-Vilafranca-portada-600x863.jpg 600w, https:\/\/eltossalcartografies.com\/wp-content\/uploads\/2020\/04\/m18-Mapa-de-terme-municipal-de-Vilafranca-portada.jpg 695w\" sizes=\"(max-width: 800px) 100vw, 600px\" \/><\/span><\/div><div class=\"fusion-clearfix\"><\/div><\/div><\/div><div class=\"fusion-layout-column fusion_builder_column_inner fusion-builder-nested-column-53 fusion_builder_column_inner_1_2 1_2 fusion-one-half fusion-column-last\" style=\"--awb-bg-size:cover;width:50%;width:calc(50% - ( ( 4% ) * 0.5 ) );\"><div class=\"fusion-column-wrapper fusion-column-has-shadow fusion-flex-column-wrapper-legacy\"><div class=\"fusion-text fusion-text-29\"><h4>Mapa de terme municipal<\/h4>\n<h3>Vilafranca<\/h3>\n<div class=\"fecha_publicacion\">Data de publicaci\u00f3: 2011-04-01<\/div>\n<div class=\"escala\">Escala: 1:15.000<\/div>\n<div class=\"precio\"><\/div>\n<\/div><div class=\"fusion-clearfix\"><\/div><\/div><\/div><\/div><div class=\"fusion-clearfix\"><\/div><\/div><\/div>\n<div class=\"fusion-layout-column fusion_builder_column fusion-builder-column-28 fusion_builder_column_1_4 1_4 fusion-one-fourth fusion-column-last fusion-column-inner-bg-wrapper\" style=\"--awb-padding-top:2%;--awb-padding-right:6%;--awb-padding-left:6%;--awb-inner-bg-color:#ffffff;--awb-inner-bg-color-hover:#ffffff;--awb-inner-bg-size:cover;width:25%;width:calc(25% - ( ( 1% + 1% + 1% ) * 0.25 ) );\"><span class=\"fusion-column-inner-bg hover-type-none\"><a class=\"fusion-column-anchor\" href=\"https:\/\/eltossalcartografies.com\/es\/producto\/mapa-termino-municipal-de-titaguas\/\"><span class=\"fusion-column-inner-bg-image\"><\/span><\/a><\/span><div class=\"fusion-column-wrapper fusion-column-has-shadow fusion-flex-column-wrapper-legacy\"><div class=\"fusion-builder-row fusion-builder-row-inner fusion-row\"><div class=\"fusion-layout-column fusion_builder_column_inner fusion-builder-nested-column-54 fusion_builder_column_inner_1_2 1_2 fusion-one-half fusion-column-first\" style=\"--awb-bg-size:cover;width:50%;width:calc(50% - ( ( 4% ) * 0.5 ) );margin-right: 4%;\"><div class=\"fusion-column-wrapper fusion-column-has-shadow fusion-flex-column-wrapper-legacy\"><div class=\"fusion-image-element in-legacy-container\" style=\"--awb-caption-title-font-family:var(--h2_typography-font-family);--awb-caption-title-font-weight:var(--h2_typography-font-weight);--awb-caption-title-font-style:var(--h2_typography-font-style);--awb-caption-title-size:var(--h2_typography-font-size);--awb-caption-title-transform:var(--h2_typography-text-transform);--awb-caption-title-line-height:var(--h2_typography-line-height);--awb-caption-title-letter-spacing:var(--h2_typography-letter-spacing);\"><span class=\" fusion-imageframe imageframe-none imageframe-28 hover-type-none\"><img decoding=\"async\" width=\"560\" height=\"964\" title=\"Mapa titaguas\" src=\"https:\/\/eltossalcartografies.com\/wp-content\/uploads\/2020\/08\/M19-01-mapa-terme-municipal-de-titaguas-recortado.jpg\" alt class=\"img-responsive wp-image-24136\" srcset=\"https:\/\/eltossalcartografies.com\/wp-content\/uploads\/2020\/08\/M19-01-mapa-terme-municipal-de-titaguas-recortado-200x344.jpg 200w, https:\/\/eltossalcartografies.com\/wp-content\/uploads\/2020\/08\/M19-01-mapa-terme-municipal-de-titaguas-recortado-400x689.jpg 400w, https:\/\/eltossalcartografies.com\/wp-content\/uploads\/2020\/08\/M19-01-mapa-terme-municipal-de-titaguas-recortado.jpg 560w\" sizes=\"(max-width: 800px) 100vw, 560px\" \/><\/span><\/div><div class=\"fusion-clearfix\"><\/div><\/div><\/div><div class=\"fusion-layout-column fusion_builder_column_inner fusion-builder-nested-column-55 fusion_builder_column_inner_1_2 1_2 fusion-one-half fusion-column-last\" style=\"--awb-bg-size:cover;width:50%;width:calc(50% - ( ( 4% ) * 0.5 ) );\"><div class=\"fusion-column-wrapper fusion-column-has-shadow fusion-flex-column-wrapper-legacy\"><div class=\"fusion-text fusion-text-30\"><h4>Mapa de terme municipal<\/h4>\n<h3>Titaguas<\/h3>\n<div class=\"fecha_publicacion\">Data de publicaci\u00f3: 2012-05-01<\/div>\n<div class=\"escala\">Escala: 1:20.000<\/div>\n<div class=\"precio\">6,00\u20ac<\/div>\n<\/div><div class=\"fusion-clearfix\"><\/div><\/div><\/div><\/div><div class=\"fusion-clearfix\"><\/div><\/div><\/div>\n<\/div><\/div><div class=\"fusion-fullwidth fullwidth-box fusion-builder-row-9 nonhundred-percent-fullwidth non-hundred-percent-height-scrolling fusion-equal-height-columns mapes-inici\" style=\"--awb-border-radius-top-left:0px;--awb-border-radius-top-right:0px;--awb-border-radius-bottom-right:0px;--awb-border-radius-bottom-left:0px;--awb-padding-top:0px;--awb-padding-right:0px;--awb-padding-bottom:0px;--awb-padding-left:0px;--awb-margin-top:0px;--awb-margin-bottom:0px;--awb-background-color:#ffffff;--awb-flex-wrap:wrap;\" ><div class=\"fusion-builder-row fusion-row\"><div class=\"fusion-layout-column fusion_builder_column fusion-builder-column-29 fusion_builder_column_1_4 1_4 fusion-one-fourth fusion-column-first fusion-column-inner-bg-wrapper\" style=\"--awb-padding-top:2%;--awb-padding-right:6%;--awb-padding-left:6%;--awb-inner-bg-color:#ffffff;--awb-inner-bg-color-hover:#ffffff;--awb-inner-bg-size:cover;width:25%;width:calc(25% - ( ( 1% + 1% + 1% ) * 0.25 ) );margin-right: 1%;\"><span class=\"fusion-column-inner-bg hover-type-none\"><a class=\"fusion-column-anchor\" href=\"https:\/\/eltossalcartografies.com\/es\/producto\/mapa-de-termino-municipal-de-sueca\/\"><span class=\"fusion-column-inner-bg-image\"><\/span><\/a><\/span><div class=\"fusion-column-wrapper fusion-column-has-shadow fusion-flex-column-wrapper-legacy\"><div class=\"fusion-builder-row fusion-builder-row-inner fusion-row\"><div class=\"fusion-layout-column fusion_builder_column_inner fusion-builder-nested-column-56 fusion_builder_column_inner_1_2 1_2 fusion-one-half fusion-column-first\" style=\"--awb-bg-size:cover;width:50%;width:calc(50% - ( ( 4% ) * 0.5 ) );margin-right: 4%;\"><div class=\"fusion-column-wrapper fusion-column-has-shadow fusion-flex-column-wrapper-legacy\"><div class=\"fusion-image-element in-legacy-container\" style=\"--awb-caption-title-font-family:var(--h2_typography-font-family);--awb-caption-title-font-weight:var(--h2_typography-font-weight);--awb-caption-title-font-style:var(--h2_typography-font-style);--awb-caption-title-size:var(--h2_typography-font-size);--awb-caption-title-transform:var(--h2_typography-text-transform);--awb-caption-title-line-height:var(--h2_typography-line-height);--awb-caption-title-letter-spacing:var(--h2_typography-letter-spacing);\"><span class=\" fusion-imageframe imageframe-none imageframe-29 hover-type-none\"><img decoding=\"async\" width=\"600\" height=\"1026\" title=\"m21 Mapa terme municipal Sueca portada\" src=\"https:\/\/eltossalcartografies.com\/wp-content\/uploads\/2020\/04\/m21-Mapa-terme-municipal-Sueca-portada.jpg\" alt class=\"img-responsive wp-image-20599\" srcset=\"https:\/\/eltossalcartografies.com\/wp-content\/uploads\/2020\/04\/m21-Mapa-terme-municipal-Sueca-portada-200x342.jpg 200w, https:\/\/eltossalcartografies.com\/wp-content\/uploads\/2020\/04\/m21-Mapa-terme-municipal-Sueca-portada-400x684.jpg 400w, https:\/\/eltossalcartografies.com\/wp-content\/uploads\/2020\/04\/m21-Mapa-terme-municipal-Sueca-portada.jpg 600w\" sizes=\"(max-width: 800px) 100vw, 600px\" \/><\/span><\/div><div class=\"fusion-clearfix\"><\/div><\/div><\/div><div class=\"fusion-layout-column fusion_builder_column_inner fusion-builder-nested-column-57 fusion_builder_column_inner_1_2 1_2 fusion-one-half fusion-column-last\" style=\"--awb-bg-size:cover;width:50%;width:calc(50% - ( ( 4% ) * 0.5 ) );\"><div class=\"fusion-column-wrapper fusion-column-has-shadow fusion-flex-column-wrapper-legacy\"><div class=\"fusion-text fusion-text-31\"><h4>Mapa de terme municipal<\/h4>\n<h3>Sueca<\/h3>\n<div class=\"fecha_publicacion\">Data de publicaci\u00f3: 2011-04-01<\/div>\n<div class=\"escala\">Escala: 1:20.000<\/div>\n<div class=\"precio\"><\/div>\n<\/div><div class=\"fusion-clearfix\"><\/div><\/div><\/div><\/div><div class=\"fusion-clearfix\"><\/div><\/div><\/div>\n<div class=\"fusion-layout-column fusion_builder_column fusion-builder-column-30 fusion_builder_column_1_4 1_4 fusion-one-fourth fusion-column-inner-bg-wrapper\" style=\"--awb-padding-top:2%;--awb-padding-right:6%;--awb-padding-left:6%;--awb-inner-bg-color:#ffffff;--awb-inner-bg-color-hover:#ffffff;--awb-inner-bg-size:cover;width:25%;width:calc(25% - ( ( 1% + 1% + 1% ) * 0.25 ) );margin-right: 1%;\"><span class=\"fusion-column-inner-bg hover-type-none\"><a class=\"fusion-column-anchor\" href=\"https:\/\/eltossalcartografies.com\/es\/producto\/mapa-de-termino-municipal-de-la-serratella\/\"><span class=\"fusion-column-inner-bg-image\"><\/span><\/a><\/span><div class=\"fusion-column-wrapper fusion-column-has-shadow fusion-flex-column-wrapper-legacy\"><div class=\"fusion-builder-row fusion-builder-row-inner fusion-row\"><div class=\"fusion-layout-column fusion_builder_column_inner fusion-builder-nested-column-58 fusion_builder_column_inner_1_2 1_2 fusion-one-half fusion-column-first\" style=\"--awb-bg-size:cover;width:50%;width:calc(50% - ( ( 4% ) * 0.5 ) );margin-right: 4%;\"><div class=\"fusion-column-wrapper fusion-column-has-shadow fusion-flex-column-wrapper-legacy\"><div class=\"fusion-image-element in-legacy-container\" style=\"--awb-caption-title-font-family:var(--h2_typography-font-family);--awb-caption-title-font-weight:var(--h2_typography-font-weight);--awb-caption-title-font-style:var(--h2_typography-font-style);--awb-caption-title-size:var(--h2_typography-font-size);--awb-caption-title-transform:var(--h2_typography-text-transform);--awb-caption-title-line-height:var(--h2_typography-line-height);--awb-caption-title-letter-spacing:var(--h2_typography-letter-spacing);\"><span class=\" fusion-imageframe imageframe-none imageframe-30 hover-type-none\"><img decoding=\"async\" width=\"600\" height=\"865\" title=\"m22 mapa terme municipal la serratella portada\" src=\"https:\/\/eltossalcartografies.com\/wp-content\/uploads\/2020\/04\/m22-mapa-terme-municipal-la-serratella-portada.jpg\" alt class=\"img-responsive wp-image-20598\" srcset=\"https:\/\/eltossalcartografies.com\/wp-content\/uploads\/2020\/04\/m22-mapa-terme-municipal-la-serratella-portada-200x288.jpg 200w, https:\/\/eltossalcartografies.com\/wp-content\/uploads\/2020\/04\/m22-mapa-terme-municipal-la-serratella-portada-400x577.jpg 400w, https:\/\/eltossalcartografies.com\/wp-content\/uploads\/2020\/04\/m22-mapa-terme-municipal-la-serratella-portada.jpg 600w\" sizes=\"(max-width: 800px) 100vw, 600px\" \/><\/span><\/div><div class=\"fusion-clearfix\"><\/div><\/div><\/div><div class=\"fusion-layout-column fusion_builder_column_inner fusion-builder-nested-column-59 fusion_builder_column_inner_1_2 1_2 fusion-one-half fusion-column-last\" style=\"--awb-bg-size:cover;width:50%;width:calc(50% - ( ( 4% ) * 0.5 ) );\"><div class=\"fusion-column-wrapper fusion-column-has-shadow fusion-flex-column-wrapper-legacy\"><div class=\"fusion-text fusion-text-32\"><h4>Mapa de terme municipal<\/h4>\n<h3>La Serratella<\/h3>\n<div class=\"fecha_publicacion\">Data de publicaci\u00f3: 2011-04-01<\/div>\n<div class=\"escala\">Escala: 1:15.000<\/div>\n<div class=\"precio\">6,00\u20ac<\/div>\n<\/div><div class=\"fusion-clearfix\"><\/div><\/div><\/div><\/div><div class=\"fusion-clearfix\"><\/div><\/div><\/div>\n<div class=\"fusion-layout-column fusion_builder_column fusion-builder-column-31 fusion_builder_column_1_4 1_4 fusion-one-fourth fusion-column-inner-bg-wrapper\" style=\"--awb-padding-top:2%;--awb-padding-right:6%;--awb-padding-left:6%;--awb-inner-bg-color:#ffffff;--awb-inner-bg-color-hover:#ffffff;--awb-inner-bg-size:cover;width:25%;width:calc(25% - ( ( 1% + 1% + 1% ) * 0.25 ) );margin-right: 1%;\"><span class=\"fusion-column-inner-bg hover-type-none\"><a class=\"fusion-column-anchor\" href=\"https:\/\/eltossalcartografies.com\/es\/producto\/mapa-de-termino-municipal-de-chovar\/\"><span class=\"fusion-column-inner-bg-image\"><\/span><\/a><\/span><div class=\"fusion-column-wrapper fusion-column-has-shadow fusion-flex-column-wrapper-legacy\"><div class=\"fusion-builder-row fusion-builder-row-inner fusion-row\"><div class=\"fusion-layout-column fusion_builder_column_inner fusion-builder-nested-column-60 fusion_builder_column_inner_1_2 1_2 fusion-one-half fusion-column-first\" style=\"--awb-bg-size:cover;width:50%;width:calc(50% - ( ( 4% ) * 0.5 ) );margin-right: 4%;\"><div class=\"fusion-column-wrapper fusion-column-has-shadow fusion-flex-column-wrapper-legacy\"><div class=\"fusion-image-element in-legacy-container\" style=\"--awb-caption-title-font-family:var(--h2_typography-font-family);--awb-caption-title-font-weight:var(--h2_typography-font-weight);--awb-caption-title-font-style:var(--h2_typography-font-style);--awb-caption-title-size:var(--h2_typography-font-size);--awb-caption-title-transform:var(--h2_typography-text-transform);--awb-caption-title-line-height:var(--h2_typography-line-height);--awb-caption-title-letter-spacing:var(--h2_typography-letter-spacing);\"><span class=\" fusion-imageframe imageframe-none imageframe-31 hover-type-none\"><img decoding=\"async\" width=\"662\" height=\"1104\" title=\"m23 mapa terme municipal chovar portada\" src=\"https:\/\/eltossalcartografies.com\/wp-content\/uploads\/2020\/04\/m23-mapa-terme-municipal-chovar-portada.jpg\" alt class=\"img-responsive wp-image-20597\" srcset=\"https:\/\/eltossalcartografies.com\/wp-content\/uploads\/2020\/04\/m23-mapa-terme-municipal-chovar-portada-200x334.jpg 200w, https:\/\/eltossalcartografies.com\/wp-content\/uploads\/2020\/04\/m23-mapa-terme-municipal-chovar-portada-400x667.jpg 400w, https:\/\/eltossalcartografies.com\/wp-content\/uploads\/2020\/04\/m23-mapa-terme-municipal-chovar-portada-600x1001.jpg 600w, https:\/\/eltossalcartografies.com\/wp-content\/uploads\/2020\/04\/m23-mapa-terme-municipal-chovar-portada.jpg 662w\" sizes=\"(max-width: 800px) 100vw, 600px\" \/><\/span><\/div><div class=\"fusion-clearfix\"><\/div><\/div><\/div><div class=\"fusion-layout-column fusion_builder_column_inner fusion-builder-nested-column-61 fusion_builder_column_inner_1_2 1_2 fusion-one-half fusion-column-last\" style=\"--awb-bg-size:cover;width:50%;width:calc(50% - ( ( 4% ) * 0.5 ) );\"><div class=\"fusion-column-wrapper fusion-column-has-shadow fusion-flex-column-wrapper-legacy\"><div class=\"fusion-text fusion-text-33\"><h4>Mapa de terme municipal<\/h4>\n<h3>Ch\u00f3var<\/h3>\n<div class=\"fecha_publicacion\">Data de publicaci\u00f3: 2011-03-01<\/div>\n<div class=\"escala\">Escala: 1:15.000<\/div>\n<div class=\"precio\"><\/div>\n<\/div><div class=\"fusion-text fusion-text-34\"><h3><span style=\"color: #ffffff;\">Venta de mapes excursionistes<\/span><\/h3>\n<\/div><div class=\"fusion-clearfix\"><\/div><\/div><\/div><\/div><div class=\"fusion-clearfix\"><\/div><\/div><\/div>\n<div class=\"fusion-layout-column fusion_builder_column fusion-builder-column-32 fusion_builder_column_1_4 1_4 fusion-one-fourth fusion-column-last fusion-column-inner-bg-wrapper\" style=\"--awb-padding-top:2%;--awb-padding-right:6%;--awb-padding-left:6%;--awb-inner-bg-color:#ffffff;--awb-inner-bg-color-hover:#ffffff;--awb-inner-bg-size:cover;width:25%;width:calc(25% - ( ( 1% + 1% + 1% ) * 0.25 ) );\"><span class=\"fusion-column-inner-bg hover-type-none\"><a class=\"fusion-column-anchor\" href=\"https:\/\/eltossalcartografies.com\/es\/producto\/mapa-de-termino-municipal-de-vallibona\/\"><span class=\"fusion-column-inner-bg-image\"><\/span><\/a><\/span><div class=\"fusion-column-wrapper fusion-column-has-shadow fusion-flex-column-wrapper-legacy\"><div class=\"fusion-builder-row fusion-builder-row-inner fusion-row\"><div class=\"fusion-layout-column fusion_builder_column_inner fusion-builder-nested-column-62 fusion_builder_column_inner_1_2 1_2 fusion-one-half fusion-column-first\" style=\"--awb-bg-size:cover;width:50%;width:calc(50% - ( ( 4% ) * 0.5 ) );margin-right: 4%;\"><div class=\"fusion-column-wrapper fusion-column-has-shadow fusion-flex-column-wrapper-legacy\"><div class=\"fusion-image-element in-legacy-container\" style=\"--awb-caption-title-font-family:var(--h2_typography-font-family);--awb-caption-title-font-weight:var(--h2_typography-font-weight);--awb-caption-title-font-style:var(--h2_typography-font-style);--awb-caption-title-size:var(--h2_typography-font-size);--awb-caption-title-transform:var(--h2_typography-text-transform);--awb-caption-title-line-height:var(--h2_typography-line-height);--awb-caption-title-letter-spacing:var(--h2_typography-letter-spacing);\"><span class=\" fusion-imageframe imageframe-none imageframe-32 hover-type-none\"><img decoding=\"async\" width=\"699\" height=\"1317\" title=\"m24 mapa terme municipal vallibona portada\" src=\"https:\/\/eltossalcartografies.com\/wp-content\/uploads\/2020\/04\/m24-mapa-terme-municipal-vallibona-portada.jpg\" alt class=\"img-responsive wp-image-20596\" srcset=\"https:\/\/eltossalcartografies.com\/wp-content\/uploads\/2020\/04\/m24-mapa-terme-municipal-vallibona-portada-200x377.jpg 200w, https:\/\/eltossalcartografies.com\/wp-content\/uploads\/2020\/04\/m24-mapa-terme-municipal-vallibona-portada-400x754.jpg 400w, https:\/\/eltossalcartografies.com\/wp-content\/uploads\/2020\/04\/m24-mapa-terme-municipal-vallibona-portada-600x1130.jpg 600w, https:\/\/eltossalcartografies.com\/wp-content\/uploads\/2020\/04\/m24-mapa-terme-municipal-vallibona-portada.jpg 699w\" sizes=\"(max-width: 800px) 100vw, 600px\" \/><\/span><\/div><div class=\"fusion-clearfix\"><\/div><\/div><\/div><div class=\"fusion-layout-column fusion_builder_column_inner fusion-builder-nested-column-63 fusion_builder_column_inner_1_2 1_2 fusion-one-half fusion-column-last\" style=\"--awb-bg-size:cover;width:50%;width:calc(50% - ( ( 4% ) * 0.5 ) );\"><div class=\"fusion-column-wrapper fusion-column-has-shadow fusion-flex-column-wrapper-legacy\"><div class=\"fusion-text fusion-text-35\"><h4>Mapa de terme municipal<\/h4>\n<h3>Vallibona<\/h3>\n<div class=\"fecha_publicacion\">Data de publicaci\u00f3: 2009-07-01<\/div>\n<div class=\"escala\">Escala: 1:20.000<\/div>\n<div class=\"precio\"><\/div>\n<\/div><div class=\"fusion-clearfix\"><\/div><\/div><\/div><\/div><div class=\"fusion-clearfix\"><\/div><\/div><\/div>\n<\/div><\/div><div class=\"fusion-fullwidth fullwidth-box fusion-builder-row-10 has-pattern-background has-mask-background nonhundred-percent-fullwidth non-hundred-percent-height-scrolling mapes-inici\" style=\"--awb-border-radius-top-left:0px;--awb-border-radius-top-right:0px;--awb-border-radius-bottom-right:0px;--awb-border-radius-bottom-left:0px;--awb-padding-top:0px;--awb-padding-right:0px;--awb-padding-bottom:0px;--awb-padding-left:0px;--awb-margin-top:0px;--awb-margin-bottom:0px;--awb-background-color:#ffffff;--awb-flex-wrap:wrap;\" ><div class=\"fusion-builder-row fusion-row\"><div class=\"fusion-layout-column fusion_builder_column fusion-builder-column-33 fusion_builder_column_1_4 1_4 fusion-one-fourth fusion-column-first fusion-column-inner-bg-wrapper\" style=\"--awb-padding-top:2%;--awb-padding-right:6%;--awb-padding-left:6%;--awb-inner-bg-color:#ffffff;--awb-inner-bg-color-hover:#ffffff;--awb-inner-bg-size:cover;width:25%;width:calc(25% - ( ( 1% ) * 0.25 ) );margin-right: 1%;\"><span class=\"fusion-column-inner-bg hover-type-none\"><a class=\"fusion-column-anchor\" href=\"https:\/\/eltossalcartografies.com\/es\/producto\/mapa-termino-municipal-de-xodos\/\"><span class=\"fusion-column-inner-bg-image\"><\/span><\/a><\/span><div class=\"fusion-column-wrapper fusion-column-has-shadow fusion-flex-column-wrapper-legacy\"><div class=\"fusion-builder-row fusion-builder-row-inner fusion-row\"><div class=\"fusion-layout-column fusion_builder_column_inner fusion-builder-nested-column-64 fusion_builder_column_inner_1_2 1_2 fusion-one-half fusion-column-first\" style=\"--awb-bg-size:cover;width:50%;width:calc(50% - ( ( 4% ) * 0.5 ) );margin-right: 4%;\"><div class=\"fusion-column-wrapper fusion-column-has-shadow fusion-flex-column-wrapper-legacy\"><div class=\"fusion-image-element in-legacy-container\" style=\"--awb-caption-title-font-family:var(--h2_typography-font-family);--awb-caption-title-font-weight:var(--h2_typography-font-weight);--awb-caption-title-font-style:var(--h2_typography-font-style);--awb-caption-title-size:var(--h2_typography-font-size);--awb-caption-title-transform:var(--h2_typography-text-transform);--awb-caption-title-line-height:var(--h2_typography-line-height);--awb-caption-title-letter-spacing:var(--h2_typography-letter-spacing);\"><span class=\" fusion-imageframe imageframe-none imageframe-33 hover-type-none\"><img decoding=\"async\" width=\"179\" height=\"300\" title=\"M25 01 mapa terme municipal xodos\" src=\"https:\/\/eltossalcartografies.com\/wp-content\/uploads\/2020\/04\/M25-01-mapa-terme-municipal-xodos-179x300.jpg\" alt class=\"img-responsive wp-image-22189\" srcset=\"https:\/\/eltossalcartografies.com\/wp-content\/uploads\/2020\/04\/M25-01-mapa-terme-municipal-xodos-200x336.jpg 200w, https:\/\/eltossalcartografies.com\/wp-content\/uploads\/2020\/04\/M25-01-mapa-terme-municipal-xodos-400x672.jpg 400w, https:\/\/eltossalcartografies.com\/wp-content\/uploads\/2020\/04\/M25-01-mapa-terme-municipal-xodos-600x1008.jpg 600w, https:\/\/eltossalcartografies.com\/wp-content\/uploads\/2020\/04\/M25-01-mapa-terme-municipal-xodos.jpg 714w\" sizes=\"(max-width: 800px) 100vw, 600px\" \/><\/span><\/div><div class=\"fusion-clearfix\"><\/div><\/div><\/div><div class=\"fusion-layout-column fusion_builder_column_inner fusion-builder-nested-column-65 fusion_builder_column_inner_1_2 1_2 fusion-one-half fusion-column-last\" style=\"--awb-bg-size:cover;width:50%;width:calc(50% - ( ( 4% ) * 0.5 ) );\"><div class=\"fusion-column-wrapper fusion-column-has-shadow fusion-flex-column-wrapper-legacy\"><div class=\"fusion-text fusion-text-36\"><h4>Mapa de terme municipal<\/h4>\n<h3>Xodos<\/h3>\n<div class=\"fecha_publicacion\">Data de publicaci\u00f3: 2008-07-01<\/div>\n<div class=\"escala\">Escala: 1:15.000<\/div>\n<div class=\"precio\">6,00\u20ac<\/div>\n<\/div><div class=\"fusion-clearfix\"><\/div><\/div><\/div><\/div><div class=\"fusion-clearfix\"><\/div><\/div><\/div>\n<\/div><\/div><div class=\"fusion-fullwidth fullwidth-box fusion-builder-row-11 fusion-flex-container has-pattern-background has-mask-background nonhundred-percent-fullwidth non-hundred-percent-height-scrolling\" style=\"--awb-border-radius-top-left:0px;--awb-border-radius-top-right:0px;--awb-border-radius-bottom-right:0px;--awb-border-radius-bottom-left:0px;--awb-padding-bottom:80px;--awb-flex-wrap:wrap;\" ><div class=\"fusion-builder-row fusion-row fusion-flex-align-items-flex-start fusion-flex-content-wrap\" style=\"max-width:1216.8px;margin-left: calc(-4% \/ 2 );margin-right: calc(-4% \/ 2 );\"><div class=\"fusion-layout-column fusion_builder_column fusion-builder-column-34 fusion_builder_column_1_1 1_1 fusion-flex-column\" style=\"--awb-bg-size:cover;--awb-width-large:100%;--awb-margin-top-large:15px;--awb-spacing-right-large:1.92%;--awb-margin-bottom-large:15px;--awb-spacing-left-large:1.92%;--awb-width-medium:100%;--awb-order-medium:0;--awb-spacing-right-medium:1.92%;--awb-spacing-left-medium:1.92%;--awb-width-small:100%;--awb-order-small:0;--awb-spacing-right-small:1.92%;--awb-spacing-left-small:1.92%;\"><div class=\"fusion-column-wrapper fusion-column-has-shadow fusion-flex-justify-content-flex-start fusion-content-layout-column\"><div class=\"fusion-text fusion-text-37\"><h3 style=\"text-align: center;\">Descubre el valor de nuestro territorio con nuestros mapas excursionistas.<\/h3>\n<h3 style=\"text-align: center;\">\u00a1Hazte con uno ahora!<\/h3>\n<p style=\"text-align: center;\">Venta de mapas excursionistas<\/p>\n<\/div><div class=\"fusion-text fusion-text-38\"><div class=\"flex max-w-full flex-col flex-grow\">\n<div class=\"min-h-8 text-message flex w-full flex-col items-end gap-2 whitespace-normal break-words &#091;.text-message+&amp;&#093;:mt-5\" dir=\"auto\" data-message-author-role=\"assistant\" data-message-id=\"f404ebe5-eb5f-4a92-a653-e75fc8f91a94\" data-message-model-slug=\"gpt-4o\">\n<div class=\"flex w-full flex-col gap-1 empty:hidden first:pt-&#091;3px&#093;\">\n<div class=\"markdown prose w-full break-words dark:prose-invert light\">\n<p style=\"text-align: center;\">\u00bfNo encuentras el mapa que buscas? Accede a nuestro buscador y explora el territorio.<\/p>\n<\/div>\n<\/div>\n<\/div>\n<\/div>\n<\/div><div style=\"text-align:center;\"><a class=\"fusion-button button-flat fusion-button-default-size button-default fusion-button-default button-1 fusion-button-default-span fusion-button-default-type\" target=\"_self\" Buscador de Mapas title=\"Buscador\" aria-label=\"Buscador\" href=\"https:\/\/www.google.com\/maps\/d\/u\/0\/viewer?mid=1bLdycWIHTuMuX-chwVZ_wdoKFJo&amp;ll=40.30241704540509%2C-0.9241475273437194&amp;z=7\"><i class=\"fa-search fas awb-button__icon awb-button__icon--default button-icon-left\" aria-hidden=\"true\"><\/i><span class=\"fusion-button-text awb-button__text awb-button__text--default\">Buscador<\/span><\/a><\/div><\/div><\/div><\/div><\/div><\/p>\n","protected":false},"excerpt":{"rendered":"","protected":false},"author":1,"featured_media":0,"parent":0,"menu_order":0,"comment_status":"closed","ping_status":"closed","template":"","meta":{"_acf_changed":false,"footnotes":""},"class_list":["post-22322","page","type-page","status-publish","hentry"],"acf":[],"yoast_head":"<!-- This site is optimized with the Yoast SEO Premium plugin v27.4 (Yoast SEO v27.5) - https:\/\/yoast.com\/product\/yoast-seo-premium-wordpress\/ -->\n<title>El Tossal Cartografies \u00b7 Venta de mapas excursionistas<\/title>\n<meta name=\"description\" content=\"El Tossal Cartografies ofrece la venta de mapas excursionistas y patrimoniales para descubrir el valor cultural y natural\" \/>\n<meta name=\"robots\" content=\"index, follow, max-snippet:-1, max-image-preview:large, max-video-preview:-1\" \/>\n<link rel=\"canonical\" href=\"https:\/\/eltossalcartografies.com\/es\/\" \/>\n<meta property=\"og:locale\" content=\"es_ES\" \/>\n<meta property=\"og:type\" content=\"article\" \/>\n<meta property=\"og:title\" content=\"Inicio\" \/>\n<meta property=\"og:description\" content=\"El Tossal Cartografies ofrece la venta de mapas excursionistas y patrimoniales para descubrir el valor cultural y natural\" \/>\n<meta property=\"og:url\" content=\"https:\/\/eltossalcartografies.com\/es\/\" \/>\n<meta property=\"og:site_name\" content=\"El Tossal Cartografies\" \/>\n<meta property=\"article:publisher\" content=\"https:\/\/www.facebook.com\/ElTossalCartografies\/\" \/>\n<meta property=\"article:modified_time\" content=\"2026-01-13T17:50:47+00:00\" \/>\n<meta property=\"og:image\" content=\"https:\/\/eltossalcartografies.com\/wp-content\/uploads\/2020\/06\/logo-tossal-paypal.png\" \/>\n\t<meta property=\"og:image:width\" content=\"190\" \/>\n\t<meta property=\"og:image:height\" content=\"60\" \/>\n\t<meta property=\"og:image:type\" content=\"image\/png\" \/>\n<meta name=\"twitter:card\" content=\"summary_large_image\" \/>\n<meta name=\"twitter:label1\" content=\"Tiempo de lectura\" \/>\n\t<meta name=\"twitter:data1\" content=\"10 minutos\" \/>\n<script type=\"application\/ld+json\" class=\"yoast-schema-graph\">{\"@context\":\"https:\\\/\\\/schema.org\",\"@graph\":[{\"@type\":\"WebPage\",\"@id\":\"https:\\\/\\\/eltossalcartografies.com\\\/es\\\/\",\"url\":\"https:\\\/\\\/eltossalcartografies.com\\\/es\\\/\",\"name\":\"El Tossal Cartografies \u00b7 Venta de mapas excursionistas\",\"isPartOf\":{\"@id\":\"https:\\\/\\\/eltossalcartografies.com\\\/es\\\/#website\"},\"datePublished\":\"2020-04-02T14:27:30+00:00\",\"dateModified\":\"2026-01-13T17:50:47+00:00\",\"description\":\"El Tossal Cartografies ofrece la venta de mapas excursionistas y patrimoniales para descubrir el valor cultural y natural\",\"breadcrumb\":{\"@id\":\"https:\\\/\\\/eltossalcartografies.com\\\/es\\\/#breadcrumb\"},\"inLanguage\":\"es\",\"potentialAction\":[{\"@type\":\"ReadAction\",\"target\":[\"https:\\\/\\\/eltossalcartografies.com\\\/es\\\/\"]}]},{\"@type\":\"BreadcrumbList\",\"@id\":\"https:\\\/\\\/eltossalcartografies.com\\\/es\\\/#breadcrumb\",\"itemListElement\":[{\"@type\":\"ListItem\",\"position\":1,\"name\":\"Portada\",\"item\":\"https:\\\/\\\/eltossalcartografies.com\\\/es\\\/\"},{\"@type\":\"ListItem\",\"position\":2,\"name\":\"Inicio\"}]},{\"@type\":\"WebSite\",\"@id\":\"https:\\\/\\\/eltossalcartografies.com\\\/es\\\/#website\",\"url\":\"https:\\\/\\\/eltossalcartografies.com\\\/es\\\/\",\"name\":\"El Tossal Cartografies\",\"description\":\"cartografia, venda de mapes\",\"publisher\":{\"@id\":\"https:\\\/\\\/eltossalcartografies.com\\\/es\\\/#organization\"},\"potentialAction\":[{\"@type\":\"SearchAction\",\"target\":{\"@type\":\"EntryPoint\",\"urlTemplate\":\"https:\\\/\\\/eltossalcartografies.com\\\/es\\\/?s={search_term_string}\"},\"query-input\":{\"@type\":\"PropertyValueSpecification\",\"valueRequired\":true,\"valueName\":\"search_term_string\"}}],\"inLanguage\":\"es\"},{\"@type\":\"Organization\",\"@id\":\"https:\\\/\\\/eltossalcartografies.com\\\/es\\\/#organization\",\"name\":\"El Tossal Cartografies\",\"url\":\"https:\\\/\\\/eltossalcartografies.com\\\/es\\\/\",\"logo\":{\"@type\":\"ImageObject\",\"inLanguage\":\"es\",\"@id\":\"https:\\\/\\\/eltossalcartografies.com\\\/es\\\/#\\\/schema\\\/logo\\\/image\\\/\",\"url\":\"https:\\\/\\\/eltossalcartografies.com\\\/wp-content\\\/uploads\\\/2020\\\/05\\\/logo-tossal-sitcky-verdet.png\",\"contentUrl\":\"https:\\\/\\\/eltossalcartografies.com\\\/wp-content\\\/uploads\\\/2020\\\/05\\\/logo-tossal-sitcky-verdet.png\",\"width\":155,\"height\":120,\"caption\":\"El Tossal Cartografies\"},\"image\":{\"@id\":\"https:\\\/\\\/eltossalcartografies.com\\\/es\\\/#\\\/schema\\\/logo\\\/image\\\/\"},\"sameAs\":[\"https:\\\/\\\/www.facebook.com\\\/ElTossalCartografies\\\/\",\"https:\\\/\\\/instagram.com\\\/eltossalcartografies\\\/\"]}]}<\/script>\n<!-- \/ Yoast SEO Premium plugin. -->","yoast_head_json":{"title":"El Tossal Cartografies \u00b7 Venta de mapas excursionistas","description":"El Tossal Cartografies ofrece la venta de mapas excursionistas y patrimoniales para descubrir el valor cultural y natural","robots":{"index":"index","follow":"follow","max-snippet":"max-snippet:-1","max-image-preview":"max-image-preview:large","max-video-preview":"max-video-preview:-1"},"canonical":"https:\/\/eltossalcartografies.com\/es\/","og_locale":"es_ES","og_type":"article","og_title":"Inicio","og_description":"El Tossal Cartografies ofrece la venta de mapas excursionistas y patrimoniales para descubrir el valor cultural y natural","og_url":"https:\/\/eltossalcartografies.com\/es\/","og_site_name":"El Tossal Cartografies","article_publisher":"https:\/\/www.facebook.com\/ElTossalCartografies\/","article_modified_time":"2026-01-13T17:50:47+00:00","og_image":[{"width":190,"height":60,"url":"https:\/\/eltossalcartografies.com\/wp-content\/uploads\/2020\/06\/logo-tossal-paypal.png","type":"image\/png"}],"twitter_card":"summary_large_image","twitter_misc":{"Tiempo de lectura":"10 minutos"},"schema":{"@context":"https:\/\/schema.org","@graph":[{"@type":"WebPage","@id":"https:\/\/eltossalcartografies.com\/es\/","url":"https:\/\/eltossalcartografies.com\/es\/","name":"El Tossal Cartografies \u00b7 Venta de mapas excursionistas","isPartOf":{"@id":"https:\/\/eltossalcartografies.com\/es\/#website"},"datePublished":"2020-04-02T14:27:30+00:00","dateModified":"2026-01-13T17:50:47+00:00","description":"El Tossal Cartografies ofrece la venta de mapas excursionistas y patrimoniales para descubrir el valor cultural y natural","breadcrumb":{"@id":"https:\/\/eltossalcartografies.com\/es\/#breadcrumb"},"inLanguage":"es","potentialAction":[{"@type":"ReadAction","target":["https:\/\/eltossalcartografies.com\/es\/"]}]},{"@type":"BreadcrumbList","@id":"https:\/\/eltossalcartografies.com\/es\/#breadcrumb","itemListElement":[{"@type":"ListItem","position":1,"name":"Portada","item":"https:\/\/eltossalcartografies.com\/es\/"},{"@type":"ListItem","position":2,"name":"Inicio"}]},{"@type":"WebSite","@id":"https:\/\/eltossalcartografies.com\/es\/#website","url":"https:\/\/eltossalcartografies.com\/es\/","name":"El Tossal Cartografies","description":"cartografia, venda de mapes","publisher":{"@id":"https:\/\/eltossalcartografies.com\/es\/#organization"},"potentialAction":[{"@type":"SearchAction","target":{"@type":"EntryPoint","urlTemplate":"https:\/\/eltossalcartografies.com\/es\/?s={search_term_string}"},"query-input":{"@type":"PropertyValueSpecification","valueRequired":true,"valueName":"search_term_string"}}],"inLanguage":"es"},{"@type":"Organization","@id":"https:\/\/eltossalcartografies.com\/es\/#organization","name":"El Tossal Cartografies","url":"https:\/\/eltossalcartografies.com\/es\/","logo":{"@type":"ImageObject","inLanguage":"es","@id":"https:\/\/eltossalcartografies.com\/es\/#\/schema\/logo\/image\/","url":"https:\/\/eltossalcartografies.com\/wp-content\/uploads\/2020\/05\/logo-tossal-sitcky-verdet.png","contentUrl":"https:\/\/eltossalcartografies.com\/wp-content\/uploads\/2020\/05\/logo-tossal-sitcky-verdet.png","width":155,"height":120,"caption":"El Tossal Cartografies"},"image":{"@id":"https:\/\/eltossalcartografies.com\/es\/#\/schema\/logo\/image\/"},"sameAs":["https:\/\/www.facebook.com\/ElTossalCartografies\/","https:\/\/instagram.com\/eltossalcartografies\/"]}]}},"_links":{"self":[{"href":"https:\/\/eltossalcartografies.com\/es\/wp-json\/wp\/v2\/pages\/22322","targetHints":{"allow":["GET"]}}],"collection":[{"href":"https:\/\/eltossalcartografies.com\/es\/wp-json\/wp\/v2\/pages"}],"about":[{"href":"https:\/\/eltossalcartografies.com\/es\/wp-json\/wp\/v2\/types\/page"}],"author":[{"embeddable":true,"href":"https:\/\/eltossalcartografies.com\/es\/wp-json\/wp\/v2\/users\/1"}],"replies":[{"embeddable":true,"href":"https:\/\/eltossalcartografies.com\/es\/wp-json\/wp\/v2\/comments?post=22322"}],"version-history":[{"count":71,"href":"https:\/\/eltossalcartografies.com\/es\/wp-json\/wp\/v2\/pages\/22322\/revisions"}],"predecessor-version":[{"id":26987,"href":"https:\/\/eltossalcartografies.com\/es\/wp-json\/wp\/v2\/pages\/22322\/revisions\/26987"}],"wp:attachment":[{"href":"https:\/\/eltossalcartografies.com\/es\/wp-json\/wp\/v2\/media?parent=22322"}],"curies":[{"name":"wp","href":"https:\/\/api.w.org\/{rel}","templated":true}]}}